{"id":159,"date":"2017-07-24T17:20:38","date_gmt":"2017-07-24T15:20:38","guid":{"rendered":"http:\/\/ekoporty.szczecin.pl\/?page_id=159"},"modified":"2021-01-12T13:58:09","modified_gmt":"2021-01-12T12:58:09","slug":"regulamin","status":"publish","type":"page","link":"https:\/\/ekoporty.szczecin.pl\/?page_id=159","title":{"rendered":"ZARZ\u0104DZENIE NR 547\/20 PREZYDENTA MIASTA SZCZECIN z dnia 22 pa\u017adziernika 2020 r."},"content":{"rendered":"<div class=\"page\" title=\"Page 1\">\n<div class=\"layoutArea\">\n<div class=\"column\">\n<p>ZARZ\u0104DZENIE NR 547\/20 PREZYDENTA MIASTA SZCZECIN z dnia 22 pa\u017adziernika 2020 r.<\/p>\n<p>w sprawie przyj\u0119cia Regulaminu funkcjonowania gminnego systemu punkt\u00f3w selektywnego zbierania odpad\u00f3w komunalnych \u2013 EKOPORT\u00d3W<\/p>\n<p>Na podstawie art. 30 ust. 2 pkt 3 ustawy z dnia 8 marca 1990 r. o samorz\u0105dzie gminnym (Dz. U. z 2020 r. poz. 713 i 1378) oraz \u00a7 17 Uchwa\u0142y Nr XVI\/535\/20 Rady Miasta Szczecin z dnia 9 kwietnia 2020 r. w sprawie szczeg\u00f3\u0142owego sposobu i zakresu \u015bwiadczenia us\u0142ug w zakresie odbierania odpad\u00f3w komunalnych od w\u0142a\u015bcicieli nieruchomo\u015bci i zagospodarowania tych odpad\u00f3w, w zamian za uiszczon\u0105 op\u0142at\u0119 za gospodarowanie odpadami komunalnymi (Dz. Urz. Woj. Zachodniopomorskiego z 2020 r. poz. 2215) zarz\u0105dzam, co nast\u0119puje:<\/p>\n<p>\u00a7 1. Przyjmuje si\u0119 \u201eRegulamin funkcjonowania gminnego systemu punkt\u00f3w selektywnego zbierania odpad\u00f3w komunalnych \u2013 EKOPORT\u00d3W\u201d zwany dalej Regulaminem wbrzmieniu stanowi\u0105cym za\u0142\u0105cznik do zarz\u0105dzenia.<\/p>\n<p>\u00a7 2. Wykonanie zarz\u0105dzenia powierza si\u0119 Dyrektorowi Zak\u0142adu Us\u0142ug Komunalnych w Szczecinie.<\/p>\n<p>\u00a7 3. Nadz\u00f3r nad wykonaniem zarz\u0105dzenia powierza si\u0119 Zast\u0119pcy Prezydenta Miasta Szczecin ds. inwestycji i zarz\u0105dzania projektami.<\/p>\n<p>\u00a7 4. Traci moc Zarz\u0105dzenie Nr 9\/18 Prezydenta Miasta Szczecin z dnia 9 stycznia 2018 r. w sprawie przyj\u0119cia Regulaminu funkcjonowania gminnego systemu punkt\u00f3w selektywnego zbierania odpad\u00f3w komunalnych \u2013 EKOPORT\u00d3W.<\/p>\n<\/div>\n<\/div>\n<div class=\"layoutArea\">\n<div class=\"column\">\n<p>\u00a7 5. Zarz\u0105dzenie wchodzi w \u017cycie z dniem podpisania.<\/p>\n<\/div>\n<\/div>\n<div class=\"layoutArea\">\n<div class=\"column\">\n<p>\u2013\u2013\u2013\u2013\u2013\u2013\u2013\u2013\u2013\u2013\u2013\u2013\u2013\u2013\u2013\u2013\u2013\u2013\u2013\u2013\u2013\u2013\u2013\u2013\u2013\u2013\u2013\u2013\u2013\u2013\u2013\u2013\u2013\u2013\u2013\u2013\u2013\u2013\u2013\u2013\u2013\u2013\u2013\u2013\u2013\u2013\u2013\u2013\u2013\u2013\u2013\u2013\u2013\u2013\u2013\u2013\u2013\u2013\u2013\u2013\u2013\u2013\u2013\u2013\u2013\u2013\u2013\u2013\u2013\u2013\u2013\u2013\u2013\u2013\u2013\u2013\u2013\u2013\u2013\u2013\u2013\u2013\u2013<\/p>\n<\/div>\n<\/div>\n<div class=\"layoutArea\">\n<div class=\"column\">\n<p>wz. Prezydenta Miasta Zast\u0119pca Prezydenta Miasta<\/p>\n<p>Krzysztof Soska<\/p>\n<\/div>\n<\/div>\n<p><img decoding=\"async\" src=\"data:image\/png;base64,iVBORw0KGgoAAAANSUhEUgAAAfAAAAAOCAYAAADQQ047AAAAAXNSR0IArs4c6QAAAHhlWElmTU0AKgAAAAgABAEaAAUAAAABAAAAPgEbAAUAAAABAAAARgEoAAMAAAABAAIAAIdpAAQAAAABAAAATgAAAAAADY09AAAuwQANjT0AAC7BAAOgAQADAAAAAQABAACgAgAEAAAAAQAAAfCgAwAEAAAAAQAAAA4AAAAAsd8DvQAAAAlwSFlzAAALaQAAC2kBf\/MjwwAAAJFJREFUeAHt0AENAAAAwqD3T20ON4hAYcCAAQMGDBgwYMCAAQMGDBgwYMCAAQMGDBgwYMCAAQMGDBgwYMCAAQMGDBgwYMCAAQMGDBgwYMCAAQMGDBgwYMCAAQMGDBgwYMCAAQMGDBgwYMCAAQMGDBgwYMCAAQMGDBgwYMCAAQMGDBgwYMCAAQMGDBgwYMDA58AAbI4AAXIu+VEAAAAASUVORK5CYII=\" alt=\"page1image4059537040\" width=\"495.299988\" height=\"13.200000\" \/><\/p>\n<div class=\"layoutArea\">\n<div class=\"column\">\n<p>Id: E27FFAA5-76BB-4F06-A065-984D830D152D. podpisany<\/p>\n<\/div>\n<\/div>\n<div class=\"layoutArea\">\n<div class=\"column\">\n<p>Strona 1<\/p>\n<\/div>\n<\/div>\n<p><img decoding=\"async\" src=\"data:image\/png;base64,iVBORw0KGgoAAAANSUhEUgAAAOQAAAAKCAYAAACkGfJ\/AAAAAXNSR0IArs4c6QAAAHhlWElmTU0AKgAAAAgABAEaAAUAAAABAAAAPgEbAAUAAAABAAAARgEoAAMAAAABAAIAAIdpAAQAAAABAAAATgAAAAAAAr1SAAAJrQACvVIAAAmtAAOgAQADAAAAAQABAACgAgAEAAAAAQAAAOSgAwAEAAAAAQAAAAoAAAAAOz7j\/gAAAAlwSFlzAAALJgAACyYB9hzIsAAAAD9JREFUaAXt0DEBAAAAwqD1T20KP4hAYcCAAQMGDBgwYMCAAQMGDBgwYMCAAQMGDBgwYMCAAQMGDBgwYMDAf2AjqgABnYa\/iAAAAABJRU5ErkJggg==\" alt=\"page1image4059544816\" width=\"227.250000\" height=\"9.900000\" \/> <img decoding=\"async\" src=\"data:image\/png;base64,iVBORw0KGgoAAAANSUhEUgAAAB8AAAAKCAYAAABMtYURAAAAAXNSR0IArs4c6QAAAHhlWElmTU0AKgAAAAgABAEaAAUAAAABAAAAPgEbAAUAAAABAAAARgEoAAMAAAABAAIAAIdpAAQAAAABAAAATgAAAAAAAx\/SAAAK6wADH9IAAArrAAOgAQADAAAAAQABAACgAgAEAAAAAQAAAB+gAwAEAAAAAQAAAAoAAAAAjAL6ZAAAAAlwSFlzAAALRAAAC0QB5OtvxAAAABZJREFUOBFjYBgFoyEwGgKjITBcQwAABOIAAQk+9wsAAAAASUVORK5CYII=\" alt=\"page1image4059545104\" width=\"30.247559\" height=\"9.900000\" \/><\/div>\n<div class=\"page\" title=\"Page 2\">\n<div class=\"layoutArea\">\n<div class=\"column\">\n<p>Za\u0142\u0105cznik do zarz\u0105dzenia Nr 547\/20 Prezydenta Miasta Szczecin<br \/>\nz dnia 22 pa\u017adziernika 2020 r.<\/p>\n<p>REGULAMIN FUNKCJONOWANIA gminnego systemu punkt\u00f3w selektywnego zbierania odpad\u00f3w komunalnych \u2013 EKOPORT\u00d3W<\/p>\n<p>Rozdzia\u0142 1. Postanowienia og\u00f3lne<\/p>\n<p>\u00a7 1. 1. Regulamin okre\u015bla zasady korzystania z us\u0142ug w zakresie odbioru selektywnie zebranych odpad\u00f3w komunalnych w tym odpad\u00f3w niebezpiecznych, w gminnych punktach selektywnego zbierania odpad\u00f3w komunalnych zwanych EKOPORTAMI prowadzonych przez Zak\u0142ad Us\u0142ug Komunalnych z siedzib\u0105 w Szczecinie przy ul. Ku S\u0142o\u0144cu 125A.<\/p>\n<p>2. Odebrane w EKOPORTACH odpady s\u0105 selekcjonowane, gromadzone i czasowo magazynowane zgodnie z zasadami post\u0119powania z odpadami celem przygotowania ich do ponownego u\u017cycia, recyklingu, odzysku lub przekazania do unieszkodliwienia.<\/p>\n<p>\u00a7 2. EKOPORTY dzia\u0142aj\u0105 w oparciu o obowi\u0105zuj\u0105ce przepisy prawa oraz uchwa\u0142y Rady Miasta Szczecin reguluj\u0105ce sprawy gospodarowania odpadami oraz utrzymania czysto\u015bci i porz\u0105dku na terenie Gminy Miasto Szczecin, a w szczeg\u00f3lno\u015bci:<\/p>\n<p>1) ustawy z dnia 14 grudnia 2012 r. o odpadach (Dz. U. z 2020 r. poz. 797 i 875);<\/p>\n<p>2) ustawy z dnia 13 wrze\u015bnia 1996 r. o utrzymaniu czysto\u015bci i porz\u0105dku w gminach (Dz. U. z 2020 r. poz. 1439);<\/p>\n<p>3) ustawy z dnia 11 wrze\u015bnia 2015 r. o zu\u017cytym sprz\u0119cie elektrycznym i elektronicznym (Dz. U. z 2019 r. poz. 1895, z 2020 r. poz. 150, 284 i 875);<\/p>\n<p>4) ustawy z dnia 24 kwietnia 2003 r. o dzia\u0142alno\u015bci po\u017cytku publicznego i o wolontariacie (Dz. U. z 2020 r. poz. 1057);<\/p>\n<p>5) Uchwa\u0142y Nr XVI\/535\/20 Rady Miasta Szczecin z dnia 9 kwietnia 2020 r. w sprawie szczeg\u00f3\u0142owego sposobu i zakresu \u015bwiadczenia us\u0142ug w zakresie odbierania odpad\u00f3w komunalnych od w\u0142a\u015bcicieli nieruchomo\u015bci i zagospodarowania tych odpad\u00f3w, w zamian za uiszczon\u0105 op\u0142at\u0119 za gospodarowanie odpadami komunalnymi (Dz. Urz. Woj. Zachodniopomorskiego z 2020 r. poz. 2215);<\/p>\n<p>6) Uchwa\u0142y Nr XVI\/534\/20 Rady Miasta Szczecin z dnia 9 kwietnia 2020 r. w sprawie wprowadzenia Regulaminu utrzymania czysto\u015bci i porz\u0105dku na terenie Gminy Miasto Szczecin (Dz. Urz. Woj. Zachodniopomorskiego z 2020 r. poz. 2214);<\/p>\n<p>7) Uchwa\u0142y Nr X\/184\/15 Rady Miasta Szczecin z dnia 28 lipca 2015 r. w sprawie likwidacji samorz\u0105dowego zak\u0142adu bud\u017cetowego pn. \u201eZak\u0142ad Us\u0142ug Komunalnych\u201d w celu utworzenia jednostki bud\u017cetowej pn. \u201eZak\u0142ad Us\u0142ug Komunalnych\u201d (zm. Uchwa\u0142a Nr XXII\/531\/16 Rady Miasta Szczecin z dnia 6 wrze\u015bnia 2016 r., Uchwa\u0142a Nr XXVIII\/720\/17 Rady Miasta Szczecin z dnia 28 marca 2017 r.).<\/p>\n<p>\u00a7 3. Prowadzenie EKOPORT\u00d3W powierza si\u0119 Zak\u0142adowi Us\u0142ug Komunalnych w Szczecinie na czas dziesi\u0119ciu lat, zgodnie z zasadami okre\u015blonymi w Regulaminie oraz w Decyzji Komisji z dnia 20 grudnia 2011 r. w sprawie stosowania art. 106 ust. 2 Traktatu o funkcjonowaniu Unii Europejskiej do pomocy pa\u0144stwa w formie rekompensaty z tytu\u0142u \u015bwiadczenia us\u0142ug publicznych, przyznawanej przedsi\u0119biorcom zobowi\u0105zanym do wykonania us\u0142ug \u015bwiadczonych w og\u00f3lnym interesiegospodarczym (notyfikowanej jako dokument nr C(2011)9380),(2012\/21\/UE).<\/p>\n<p>\u00a7 4. Ilekro\u0107 w Regulaminie jest mowa o:<\/p>\n<\/div>\n<\/div>\n<div class=\"layoutArea\">\n<div class=\"column\">\n<p>\u2013\u2013\u2013\u2013\u2013\u2013\u2013\u2013\u2013\u2013\u2013\u2013\u2013\u2013\u2013\u2013\u2013\u2013\u2013\u2013\u2013\u2013\u2013\u2013\u2013\u2013\u2013\u2013\u2013\u2013\u2013\u2013\u2013\u2013\u2013\u2013\u2013\u2013\u2013\u2013\u2013\u2013\u2013\u2013\u2013\u2013\u2013\u2013\u2013\u2013\u2013\u2013\u2013\u2013\u2013\u2013\u2013\u2013\u2013\u2013\u2013\u2013\u2013\u2013\u2013\u2013\u2013\u2013\u2013\u2013\u2013\u2013\u2013\u2013\u2013\u2013\u2013\u2013\u2013\u2013\u2013\u2013\u2013<\/p>\n<\/div>\n<\/div>\n<p><img decoding=\"async\" src=\"data:image\/png;base64,iVBORw0KGgoAAAANSUhEUgAAAfAAAAAOCAYAAADQQ047AAAAAXNSR0IArs4c6QAAAHhlWElmTU0AKgAAAAgABAEaAAUAAAABAAAAPgEbAAUAAAABAAAARgEoAAMAAAABAAIAAIdpAAQAAAABAAAATgAAAAAADY09AAAuwQANjT0AAC7BAAOgAQADAAAAAQABAACgAgAEAAAAAQAAAfCgAwAEAAAAAQAAAA4AAAAAsd8DvQAAAAlwSFlzAAALaQAAC2kBf\/MjwwAAAJFJREFUeAHt0AENAAAAwqD3T20ON4hAYcCAAQMGDBgwYMCAAQMGDBgwYMCAAQMGDBgwYMCAAQMGDBgwYMCAAQMGDBgwYMCAAQMGDBgwYMCAAQMGDBgwYMCAAQMGDBgwYMCAAQMGDBgwYMCAAQMGDBgwYMCAAQMGDBgwYMCAAQMGDBgwYMCAAQMGDBgwYMDA58AAbI4AAXIu+VEAAAAASUVORK5CYII=\" alt=\"page2image4116480528\" width=\"495.299988\" height=\"13.200000\" \/><\/p>\n<div class=\"layoutArea\">\n<div class=\"column\">\n<p>Id: E27FFAA5-76BB-4F06-A065-984D830D152D. podpisany<\/p>\n<\/div>\n<\/div>\n<div class=\"layoutArea\">\n<div class=\"column\">\n<p>Strona 1<\/p>\n<\/div>\n<\/div>\n<p><img decoding=\"async\" src=\"data:image\/png;base64,iVBORw0KGgoAAAANSUhEUgAAAOQAAAAKCAYAAACkGfJ\/AAAAAXNSR0IArs4c6QAAAHhlWElmTU0AKgAAAAgABAEaAAUAAAABAAAAPgEbAAUAAAABAAAARgEoAAMAAAABAAIAAIdpAAQAAAABAAAATgAAAAAAAr1SAAAJrQACvVIAAAmtAAOgAQADAAAAAQABAACgAgAEAAAAAQAAAOSgAwAEAAAAAQAAAAoAAAAAOz7j\/gAAAAlwSFlzAAALJgAACyYB9hzIsAAAAD9JREFUaAXt0DEBAAAAwqD1T20KP4hAYcCAAQMGDBgwYMCAAQMGDBgwYMCAAQMGDBgwYMCAAQMGDBgwYMDAf2AjqgABnYa\/iAAAAABJRU5ErkJggg==\" alt=\"page2image4116488144\" width=\"227.250000\" height=\"9.900000\" \/> <img decoding=\"async\" src=\"data:image\/png;base64,iVBORw0KGgoAAAANSUhEUgAAAB8AAAAKCAYAAABMtYURAAAAAXNSR0IArs4c6QAAAHhlWElmTU0AKgAAAAgABAEaAAUAAAABAAAAPgEbAAUAAAABAAAARgEoAAMAAAABAAIAAIdpAAQAAAABAAAATgAAAAAAAx\/SAAAK6wADH9IAAArrAAOgAQADAAAAAQABAACgAgAEAAAAAQAAAB+gAwAEAAAAAQAAAAoAAAAAjAL6ZAAAAAlwSFlzAAALRAAAC0QB5OtvxAAAABZJREFUOBFjYBgFoyEwGgKjITBcQwAABOIAAQk+9wsAAAAASUVORK5CYII=\" alt=\"page2image4116488432\" width=\"30.247559\" height=\"9.900000\" \/><\/div>\n<div class=\"page\" title=\"Page 3\">\n<div class=\"layoutArea\">\n<div class=\"column\">\n<p>1) Galerii Szparga\u0142ek \u2013 rozumie si\u0119 przez to integraln\u0105 cz\u0119\u015b\u0107 systemu gospodarki odpadami, prowadzon\u0105 przez Gmin\u0119 Miasto Szczecin w ramach i na terenie wybranych EKOPORT\u00d3W, w kt\u00f3rej osoba upowa\u017cniona do korzystania z Galerii Szparga\u0142ek mo\u017ce nieodp\u0142atnie otrzyma\u0107 produkty lub cz\u0119\u015bci produkt\u00f3w;<\/p>\n<p>2) komplecie \u2013 rozumie si\u0119 przez to dany zestaw element\u00f3w znajduj\u0105cych si\u0119 w Galerii Szparga\u0142ek sk\u0142adaj\u0105cy si\u0119 na produkt;<\/p>\n<p>3) bonie Galerii Szparga\u0142ek \u2013 rozumie si\u0119 przez to dokument wydawany przez Gmin\u0119 Miasto Szczecin bezpo\u015brednio wGalerii Szparga\u0142ek na rzecz osoby upowa\u017cnionej do korzystania z Galerii Szparga\u0142ek, potwierdzaj\u0105cy warto\u015b\u0107 r\u00f3\u017cnicy mi\u0119dzy warto\u015bci\u0105 zbytego na rzecz tej osoby produktu (komplet) lub cz\u0119\u015bci produktu a warto\u015bci\u0105 dokonanej przez t\u0119 osob\u0119 na rzecz organizacji darowizny lub warto\u015bci\u0105 wykorzystanego kuponu punktowego;<\/p>\n<p>4) produkcie (komplet) lub cz\u0119\u015bci produktu \u2013 rozumie si\u0119 przez to rzecz ruchom\u0105, kt\u00f3ra wcze\u015bniej sta\u0142a si\u0119 odpadem, a kt\u00f3ra poprzez sprawdzenie, czyszczenie lub napraw\u0119 bez jakichkolwiek innych czynno\u015bci wst\u0119pnego przetwarzania zosta\u0142a przygotowana do ponownego u\u017cycia tak, aby mog\u0142a by\u0107 ponownie wykorzystana do tego samego celu, do kt\u00f3rego by\u0142a przeznaczona;<\/p>\n<p>5) osobie upowa\u017cnionej do korzystania z Galerii Szparga\u0142ek \u2013 rozumie si\u0119 przez to osob\u0119 fizyczn\u0105 posiadaj\u0105c\u0105 pe\u0142n\u0105 zdolno\u015b\u0107 do czynno\u015bci prawnych, osob\u0119 prawn\u0105, jednostk\u0119 organizacyjn\u0105 nieposiadaj\u0105c\u0105 osobowo\u015bci prawnej;<\/p>\n<p>6) Ksi\u0105\u017cce na Wynos &#8211; rozumie si\u0119 przez to integraln\u0105 cz\u0119\u015b\u0107 systemu gospodarki odpadami, prowadzon\u0105 przez Gmin\u0119 Miasto Szczecin w ramach i na terenie wybranych EKOPORT\u00d3W, pe\u0142ni\u0105c\u0105 funkcj\u0119 nieodp\u0142atnego miejsca udost\u0119pniania pozycji wydawniczych;<\/p>\n<p>7) osobie upowa\u017cnionej do korzystania z Ksi\u0105\u017cki na Wynos \u2013 rozumie si\u0119 przez to osob\u0119 fizyczn\u0105 posiadaj\u0105c\u0105 co najmniej ograniczon\u0105 zdolno\u015b\u0107 do czynno\u015bci prawnych, osob\u0119 prawn\u0105, jednostk\u0119 organizacyjn\u0105 nieposiadaj\u0105c\u0105 osobowo\u015bci prawnej;<\/p>\n<p>8) kuponie punktowym \u2013 rozumie si\u0119 przez to dokument wydawany przez organizacj\u0119 na rzecz wolontariusza na zasadach okre\u015blonych w zarz\u0105dzeniu Dyrektora Zak\u0142adu Us\u0142ug Komunalnych w Szczecinie, potwierdzaj\u0105cy wykonanie przez wolontariusza \u015bwiadczenia na rzecz organizacji wpisanej na list\u0119 organizacji wsp\u00f3\u0142pracuj\u0105cych, o kt\u00f3rej mowa w \u00a711 ust. 4 pkt 4 niniejszego regulaminu;<\/p>\n<p>9) mieszka\u0144cu \u2013 rozumie si\u0119 przez to osob\u0119 fizyczn\u0105, kt\u00f3ra z\u0142o\u017cy\u0142a albo w imieniu kt\u00f3rej z\u0142o\u017cono deklaracj\u0119 o wysoko\u015bci op\u0142aty za gospodarowanie odpadami komunalnymi na terenie Gminy Miasto Szczecin;<\/p>\n<p>10) wolontariuszu \u2013 rozumie si\u0119 przez to osob\u0119 fizyczn\u0105, kt\u00f3ra ochotniczo i bez wynagrodzenia wykonuje na rzecz organizacji \u015bwiadczenia na zasadach okre\u015blonych w ustawie z dnia 24 kwietnia 2003r. odzia\u0142alno\u015bci po\u017cytku publicznego io wolontariacie, iotrzymuje od tej organizacji kupony punktowe. Szczeg\u00f3\u0142owe zasady wydawania wolontariuszom przez organizacje kupon\u00f3w punktowych, okre\u015bla zarz\u0105dzenie Dyrektora Zak\u0142adu Us\u0142ug Komunalnych;<\/p>\n<p>11) organizacji \u2013 rozumie si\u0119 przez to organizacj\u0119 pozarz\u0105dow\u0105 w rozumieniu ustawy z dnia 24 kwietnia 2003 r. o dzia\u0142alno\u015bci po\u017cytku publicznego i o wolontariacie, prowadz\u0105c\u0105 dzia\u0142alno\u015b\u0107 po\u017cytku publicznego, z siedzib\u0105 na terenie Gminy Miasto Szczecin lub dzia\u0142aj\u0105c\u0105 na rzecz mieszka\u0144c\u00f3w Gminy Miasto Szczecin lub wpisan\u0105 na list\u0119 organizacji wsp\u00f3\u0142pracuj\u0105cych, o kt\u00f3rej mowa w \u00a712 ust. 4 pkt 4;<\/p>\n<p>12) odpadach niebezpiecznych \u2013 rozumie si\u0119 przez to pochodz\u0105ce z gospodarstw domowych odpady niebezpieczne wskazane w katalogu odpad\u00f3w zgodnie z Rozporz\u0105dzeniem Ministra Klimatu z dnia 2 stycznia 2020 r. r. w sprawie katalogu odpad\u00f3w (Dz. U. z 2020 r. poz. 10);<\/p>\n<p>13) zanieczyszczonym odpadzie lub jego stanie uniemo\u017cliwiaj\u0105cym przyj\u0119cie \u2013 rozumie si\u0119 przez to: zawilgocenie, stan rozk\u0142adu, zmieszanie z frakcj\u0105 mineraln\u0105, zanieczyszczenie smarami lub olejami, ska\u017cenie wydzielinami iwydalinami stwarzaj\u0105cymi zagro\u017cenie sanitarno \u2013<\/p>\n<\/div>\n<\/div>\n<div class=\"layoutArea\">\n<div class=\"column\">\n<p>\u2013\u2013\u2013\u2013\u2013\u2013\u2013\u2013\u2013\u2013\u2013\u2013\u2013\u2013\u2013\u2013\u2013\u2013\u2013\u2013\u2013\u2013\u2013\u2013\u2013\u2013\u2013\u2013\u2013\u2013\u2013\u2013\u2013\u2013\u2013\u2013\u2013\u2013\u2013\u2013\u2013\u2013\u2013\u2013\u2013\u2013\u2013\u2013\u2013\u2013\u2013\u2013\u2013\u2013\u2013\u2013\u2013\u2013\u2013\u2013\u2013\u2013\u2013\u2013\u2013\u2013\u2013\u2013\u2013\u2013\u2013\u2013\u2013\u2013\u2013\u2013\u2013\u2013\u2013\u2013\u2013\u2013\u2013<\/p>\n<\/div>\n<\/div>\n<p><img decoding=\"async\" src=\"data:image\/png;base64,iVBORw0KGgoAAAANSUhEUgAAAfAAAAAOCAYAAADQQ047AAAAAXNSR0IArs4c6QAAAHhlWElmTU0AKgAAAAgABAEaAAUAAAABAAAAPgEbAAUAAAABAAAARgEoAAMAAAABAAIAAIdpAAQAAAABAAAATgAAAAAADY09AAAuwQANjT0AAC7BAAOgAQADAAAAAQABAACgAgAEAAAAAQAAAfCgAwAEAAAAAQAAAA4AAAAAsd8DvQAAAAlwSFlzAAALaQAAC2kBf\/MjwwAAAJFJREFUeAHt0AENAAAAwqD3T20ON4hAYcCAAQMGDBgwYMCAAQMGDBgwYMCAAQMGDBgwYMCAAQMGDBgwYMCAAQMGDBgwYMCAAQMGDBgwYMCAAQMGDBgwYMCAAQMGDBgwYMCAAQMGDBgwYMCAAQMGDBgwYMCAAQMGDBgwYMCAAQMGDBgwYMCAAQMGDBgwYMDA58AAbI4AAXIu+VEAAAAASUVORK5CYII=\" alt=\"page3image4058989056\" width=\"495.299988\" height=\"13.200000\" \/><\/p>\n<div class=\"layoutArea\">\n<div class=\"column\">\n<p>Id: E27FFAA5-76BB-4F06-A065-984D830D152D. podpisany<\/p>\n<\/div>\n<\/div>\n<div class=\"layoutArea\">\n<div class=\"column\">\n<p>Strona 2<\/p>\n<\/div>\n<\/div>\n<p><img decoding=\"async\" src=\"data:image\/png;base64,iVBORw0KGgoAAAANSUhEUgAAAOQAAAAKCAYAAACkGfJ\/AAAAAXNSR0IArs4c6QAAAHhlWElmTU0AKgAAAAgABAEaAAUAAAABAAAAPgEbAAUAAAABAAAARgEoAAMAAAABAAIAAIdpAAQAAAABAAAATgAAAAAAAr1SAAAJrQACvVIAAAmtAAOgAQADAAAAAQABAACgAgAEAAAAAQAAAOSgAwAEAAAAAQAAAAoAAAAAOz7j\/gAAAAlwSFlzAAALJgAACyYB9hzIsAAAAD9JREFUaAXt0DEBAAAAwqD1T20KP4hAYcCAAQMGDBgwYMCAAQMGDBgwYMCAAQMGDBgwYMCAAQMGDBgwYMDAf2AjqgABnYa\/iAAAAABJRU5ErkJggg==\" alt=\"page3image4058996704\" width=\"227.250000\" height=\"9.900000\" \/> <img decoding=\"async\" src=\"data:image\/png;base64,iVBORw0KGgoAAAANSUhEUgAAAB8AAAAKCAYAAABMtYURAAAAAXNSR0IArs4c6QAAAHhlWElmTU0AKgAAAAgABAEaAAUAAAABAAAAPgEbAAUAAAABAAAARgEoAAMAAAABAAIAAIdpAAQAAAABAAAATgAAAAAAAx\/SAAAK6wADH9IAAArrAAOgAQADAAAAAQABAACgAgAEAAAAAQAAAB+gAwAEAAAAAQAAAAoAAAAAjAL6ZAAAAAlwSFlzAAALRAAAC0QB5OtvxAAAABZJREFUOBFjYBgFoyEwGgKjITBcQwAABOIAAQk+9wsAAAAASUVORK5CYII=\" alt=\"page3image4058996992\" width=\"30.247559\" height=\"9.900000\" \/><\/div>\n<div class=\"page\" title=\"Page 4\">\n<div class=\"layoutArea\">\n<div class=\"column\">\n<p>epidemiologiczne, je\u017celi odpady nie zosta\u0142y zabezpieczone zgodnie z wymogami przewidzianymi w odr\u0119bnych przepisach;<\/p>\n<p>14) odpadach budowlano \u2013 rozbi\u00f3rkowych \u2013 rozumie si\u0119 przez to odpady budowlane, kt\u00f3re zosta\u0142y wytworzone przez mieszka\u0144ca w trakcie przeprowadzanych w gospodarstwie domowym drobnych pracach remontowych takich jak: malowanie, tynkowanie, tapetowanie, ocieplanie, wymiana pod\u0142\u00f3g, wyk\u0142adzin i oklein, stolarki budowlanej oraz bie\u017c\u0105cej konserwacji, modernizacji pomieszcze\u0144 mieszkalnych i u\u017cytkowych.<\/p>\n<p>Rozdzia\u0142 2. Obs\u0142uga punkt\u00f3w<\/p>\n<p>\u00a7 5. 1. W EKOPORTACH przyjmowane s\u0105 od mieszka\u0144c\u00f3w Gminy Miasto Szczecin dostarczone przez nich w\u0142asnym transportemi na ich koszt, selektywnie zebrane odpady komunalne pochodz\u0105ce z gospodarstw domowych.<\/p>\n<p>2. EKOPORTY s\u0105 samoobs\u0142ugowymi punktami, w kt\u00f3rych przyjmowane s\u0105 od mieszka\u0144c\u00f3w wy\u0142\u0105cznie odpady wymienione w \u00a7 6 niniejszego Regulaminu z ograniczeniem, w zale\u017cno\u015bci od warunk\u00f3w technicznych i mo\u017cliwo\u015bci magazynowania odpad\u00f3w na terenie EKOPORTU.<\/p>\n<p>3.EKOPORTY zlokalizowane s\u0105 na terenie Gminy Miasto Szczecin. Informacje ozasadach funkcjonowania EKOPORT\u00d3W, ich lokalizacji, doje\u017adzie, godzinach otwarcia, kontakcie z pracownikami obs\u0142ugi itp. zawarte s\u0105 na stronach internetowych: www.ecoszczecin.pl, www.ekoporty.szczecin.pl, www.zuk.szczecin.pl.<\/p>\n<p>4. EKOPORTY oznaczone s\u0105 poprzez zamontowanie na ich terenie tablic informacyjnych, na kt\u00f3rych umieszczany jest m.in.: wykaz przyjmowanych selektywnie zebranych odpad\u00f3w.<\/p>\n<p>\u00a7 6. W EKOPORTACH przyjmowane s\u0105 ni\u017cej wymienione rodzaje selektywnie zebranych odpad\u00f3w komunalnych:<\/p>\n<\/div>\n<\/div>\n<div class=\"layoutArea\">\n<div class=\"column\">\n<p>1) papier, w tym opakowania z papieru lub tektury, gazety, papier pakowy;<\/p>\n<p>2) metale, w tym folia aluminiowa;<\/p>\n<p>3) tworzywa sztuczne, w tym butelki po napojach (PET), opakowania po gospodarczej, kosmetykach, prze\u017aroczysta folia;<\/p>\n<p>4) szk\u0142o, w tym szklane opakowania po kosmetykach;<br \/>\n5) odpady opakowaniowe wielomateria\u0142owe;<br \/>\n6) meble i inne odpady wielkogabarytowe;<br \/>\n7) tekstylia i odzie\u017c, w tym tkaniny dekoracyjne i u\u017cytkowe; 8) czerstwe pieczywo;<\/p>\n<\/div>\n<div class=\"column\">\n<p>\u015brodkach<\/p>\n<\/div>\n<div class=\"column\">\n<p>chemii<\/p>\n<\/div>\n<\/div>\n<div class=\"layoutArea\">\n<div class=\"column\">\n<p>9)odpady niekwalifikuj\u0105ce si\u0119 do odpad\u00f3w medycznych powsta\u0142e wgospodarstwie domowym w wyniku przyjmowania produkt\u00f3w leczniczych w formie iniekcji i prowadzenia monitoringu poziomu substancji we krwi;<\/p>\n<p>10) leki i opakowania po lekach;<br \/>\n11) chemikalia i opakowania po chemikaliach, w tym:<\/p>\n<ol>\n<li>a) \u00a0opakowania po \u015brodkach ochrony ro\u015blin,<\/li>\n<li>b) \u00a0resztki farb, lakier\u00f3w, klej\u00f3w, \u017cywic, \u015brodki do konserwacji i ochrony drewna,<\/li>\n<li>c) \u00a0opakowania po truciznach, klejach, lepiszczach i konserwantach, substancje do wywabiania plam,<\/li>\n<li>d) \u00a0pozosta\u0142o\u015bci po domowych \u015brodkach dezynfekcji i dezynsekcji,<\/li>\n<li>e) \u00a0zbiorniki po aerozolach, helu i opakowania po nich;<\/li>\n<\/ol>\n<\/div>\n<\/div>\n<div class=\"layoutArea\">\n<div class=\"column\">\n<p>\u2013\u2013\u2013\u2013\u2013\u2013\u2013\u2013\u2013\u2013\u2013\u2013\u2013\u2013\u2013\u2013\u2013\u2013\u2013\u2013\u2013\u2013\u2013\u2013\u2013\u2013\u2013\u2013\u2013\u2013\u2013\u2013\u2013\u2013\u2013\u2013\u2013\u2013\u2013\u2013\u2013\u2013\u2013\u2013\u2013\u2013\u2013\u2013\u2013\u2013\u2013\u2013\u2013\u2013\u2013\u2013\u2013\u2013\u2013\u2013\u2013\u2013\u2013\u2013\u2013\u2013\u2013\u2013\u2013\u2013\u2013\u2013\u2013\u2013\u2013\u2013\u2013\u2013\u2013\u2013\u2013\u2013\u2013<\/p>\n<\/div>\n<\/div>\n<p><img decoding=\"async\" src=\"data:image\/png;base64,iVBORw0KGgoAAAANSUhEUgAAAfAAAAAOCAYAAADQQ047AAAAAXNSR0IArs4c6QAAAHhlWElmTU0AKgAAAAgABAEaAAUAAAABAAAAPgEbAAUAAAABAAAARgEoAAMAAAABAAIAAIdpAAQAAAABAAAATgAAAAAADY09AAAuwQANjT0AAC7BAAOgAQADAAAAAQABAACgAgAEAAAAAQAAAfCgAwAEAAAAAQAAAA4AAAAAsd8DvQAAAAlwSFlzAAALaQAAC2kBf\/MjwwAAAJFJREFUeAHt0AENAAAAwqD3T20ON4hAYcCAAQMGDBgwYMCAAQMGDBgwYMCAAQMGDBgwYMCAAQMGDBgwYMCAAQMGDBgwYMCAAQMGDBgwYMCAAQMGDBgwYMCAAQMGDBgwYMCAAQMGDBgwYMCAAQMGDBgwYMCAAQMGDBgwYMCAAQMGDBgwYMCAAQMGDBgwYMDA58AAbI4AAXIu+VEAAAAASUVORK5CYII=\" alt=\"page4image4142444384\" width=\"495.299988\" height=\"13.200000\" \/><\/p>\n<div class=\"layoutArea\">\n<div class=\"column\">\n<p>Id: E27FFAA5-76BB-4F06-A065-984D830D152D. podpisany<\/p>\n<\/div>\n<\/div>\n<div class=\"layoutArea\">\n<div class=\"column\">\n<p>Strona 3<\/p>\n<\/div>\n<\/div>\n<p><img decoding=\"async\" src=\"data:image\/png;base64,iVBORw0KGgoAAAANSUhEUgAAAOQAAAAKCAYAAACkGfJ\/AAAAAXNSR0IArs4c6QAAAHhlWElmTU0AKgAAAAgABAEaAAUAAAABAAAAPgEbAAUAAAABAAAARgEoAAMAAAABAAIAAIdpAAQAAAABAAAATgAAAAAAAr1SAAAJrQACvVIAAAmtAAOgAQADAAAAAQABAACgAgAEAAAAAQAAAOSgAwAEAAAAAQAAAAoAAAAAOz7j\/gAAAAlwSFlzAAALJgAACyYB9hzIsAAAAD9JREFUaAXt0DEBAAAAwqD1T20KP4hAYcCAAQMGDBgwYMCAAQMGDBgwYMCAAQMGDBgwYMCAAQMGDBgwYMDAf2AjqgABnYa\/iAAAAABJRU5ErkJggg==\" alt=\"page4image4142452064\" width=\"227.250000\" height=\"9.900000\" \/> <img decoding=\"async\" src=\"data:image\/png;base64,iVBORw0KGgoAAAANSUhEUgAAAB8AAAAKCAYAAABMtYURAAAAAXNSR0IArs4c6QAAAHhlWElmTU0AKgAAAAgABAEaAAUAAAABAAAAPgEbAAUAAAABAAAARgEoAAMAAAABAAIAAIdpAAQAAAABAAAATgAAAAAAAx\/SAAAK6wADH9IAAArrAAOgAQADAAAAAQABAACgAgAEAAAAAQAAAB+gAwAEAAAAAQAAAAoAAAAAjAL6ZAAAAAlwSFlzAAALRAAAC0QB5OtvxAAAABZJREFUOBFjYBgFoyEwGgKjITBcQwAABOIAAQk+9wsAAAAASUVORK5CYII=\" alt=\"page4image4142452352\" width=\"30.247559\" height=\"9.900000\" \/><\/div>\n<div class=\"page\" title=\"Page 5\">\n<div class=\"layoutArea\">\n<div class=\"column\">\n<p>12) zu\u017cyty sprz\u0119t elektryczny i elektroniczny, w tym: a) urz\u0105dzenia gospodarstwa domowego,<br \/>\nb) sprz\u0119t audiowizualny,<br \/>\nc) sprz\u0119t teleinformatyczny i telekomunikacyjny, d) sprz\u0119t o\u015bwietleniowy,<\/p>\n<p>e) narz\u0119dzia elektryczne i elektroniczne (z wy\u0142\u0105czeniem przemys\u0142owych),<\/p>\n<p>f) elektroniczne zabawki zasilane bateriami przeno\u015bnymi lub sta\u0142ym zasilaniem elektrycznym; 13) zu\u017cyte kartrid\u017ce i tonery;<br \/>\n14) no\u015bniki danych, w tym kasety, dyskietki, dyski, p\u0142yty;<br \/>\n15) \u015bwietl\u00f3wki i \u017car\u00f3wki;<\/p>\n<p>16) zu\u017cyte baterie i akumulatory;<br \/>\n17) przepracowane oleje smarowe;<br \/>\n18) zu\u017cyte, przeterminowane ga\u015bnice samochodowe; 19) zu\u017cyte opony samochodowe;<br \/>\n20) odpady budowlano \u2013 rozbi\u00f3rkowe, w tym:<\/p>\n<p>a) odpady mineralne (beton, gruz, glazura, terakota, elementy wyposa\u017cenia sanitarnego, itp.),<\/p>\n<p>b) materia\u0142y konstrukcyjne zawieraj\u0105ce gipsy techniczne (p\u0142yty gipsowo \u2013 kartonowe, p\u0142yty gipsowo \u2013 wi\u00f3rowe),<\/p>\n<p>c) wielkogabarytowe elementy wyposa\u017cenia mieszka\u0144 z drewna naturalnego (np. ramy okienne pozbawione szyb), w tym wykonane z p\u0142yt wi\u00f3rowych,<\/p>\n<p>d) odpady drobne \u2013 zmieszane, nie rozdzielone na frakcje rodzajowe (tapety, okleiny, stela\u017ce, panele, kasetony, zu\u017cyte folie malarskie itp.),<\/p>\n<p>e) materia\u0142y izolacyjne (we\u0142na mineralna, pianki i wyk\u0142adziny izolacyjne).<\/p>\n<p>\u00a77.Odpady wskazane w\u00a76 s\u0105 przekazywane przez mieszka\u0144c\u00f3w na zasadach okre\u015blonych w Uchwale Nr XVI\/534\/20 Rady Miasta Szczecin z dnia 9 kwietnia 2020 r. w sprawie wprowadzenia Regulaminu utrzymania czysto\u015bci i porz\u0105dku na terenie Gminy Miasto Szczecin (Dz. Urz. Woj. Zachodniopomorskiego z 2020r. poz. 2214).<\/p>\n<p>Rozdzia\u0142 3. Zasady \u015bwiadczenia us\u0142ug<\/p>\n<p>\u00a7 8. Odpady wskazane w \u00a76 odbierane s\u0105 od mieszka\u0144ca w spos\u00f3b, w ilo\u015bci i na zasadach okre\u015blonych w Uchwale Nr XVI\/535\/20 Rady Miasta Szczecin z dnia 9 kwietnia 2020 r. w sprawie szczeg\u00f3\u0142owego sposobu i zakresu \u015bwiadczenia us\u0142ug w zakresie odbierania odpad\u00f3w komunalnych od w\u0142a\u015bcicieli nieruchomo\u015bci izagospodarowania tych odpad\u00f3w, wzamian za uiszczon\u0105 op\u0142at\u0119 za gospodarowanie odpadami komunalnymi (Dz. Urz. Woj. Zachodniopomorskiego z 2020 r. poz. 2215).<\/p>\n<p>\u00a79.1.Rodzaje odpad\u00f3w wymienione w\u00a76pkt11,17 i18 przyjmowane s\u0105wEKOPORTACH wy\u0142\u0105cznie wszczelnych, nieuszkodzonych opakowaniach posiadaj\u0105cych oryginaln\u0105 etykiet\u0119 umo\u017cliwiaj\u0105c\u0105 jednoznaczn\u0105 identyfikacj\u0119 odpadu w chwili jego przyj\u0119cia.<\/p>\n<p>2. Rodzaje odpad\u00f3w wymienione w \u00a7 6 pkt 12 przyjmowane s\u0105 w EKOPORTACH zgodnie z zasadami i na warunkach okre\u015blonych w ustawie z dnia 11 wrze\u015bnia 2015 r. o zu\u017cytym sprz\u0119cie elektrycznym i elektronicznym.<\/p>\n<p>3. Odpady budowlano &#8211; rozbi\u00f3rkowe przyjmowane s\u0105 wy\u0142\u0105cznie w wytypowanych EKOPORTACH:<\/p>\n<\/div>\n<\/div>\n<div class=\"layoutArea\">\n<div class=\"column\">\n<p>1) po wysegregowaniu na frakcje wymienione w \u00a7 6 pkt 20;<\/p>\n<\/div>\n<\/div>\n<div class=\"layoutArea\">\n<div class=\"column\">\n<p>\u2013\u2013\u2013\u2013\u2013\u2013\u2013\u2013\u2013\u2013\u2013\u2013\u2013\u2013\u2013\u2013\u2013\u2013\u2013\u2013\u2013\u2013\u2013\u2013\u2013\u2013\u2013\u2013\u2013\u2013\u2013\u2013\u2013\u2013\u2013\u2013\u2013\u2013\u2013\u2013\u2013\u2013\u2013\u2013\u2013\u2013\u2013\u2013\u2013\u2013\u2013\u2013\u2013\u2013\u2013\u2013\u2013\u2013\u2013\u2013\u2013\u2013\u2013\u2013\u2013\u2013\u2013\u2013\u2013\u2013\u2013\u2013\u2013\u2013\u2013\u2013\u2013\u2013\u2013\u2013\u2013\u2013\u2013<\/p>\n<\/div>\n<\/div>\n<p><img decoding=\"async\" src=\"data:image\/png;base64,iVBORw0KGgoAAAANSUhEUgAAAfAAAAAOCAYAAADQQ047AAAAAXNSR0IArs4c6QAAAHhlWElmTU0AKgAAAAgABAEaAAUAAAABAAAAPgEbAAUAAAABAAAARgEoAAMAAAABAAIAAIdpAAQAAAABAAAATgAAAAAADY09AAAuwQANjT0AAC7BAAOgAQADAAAAAQABAACgAgAEAAAAAQAAAfCgAwAEAAAAAQAAAA4AAAAAsd8DvQAAAAlwSFlzAAALaQAAC2kBf\/MjwwAAAJFJREFUeAHt0AENAAAAwqD3T20ON4hAYcCAAQMGDBgwYMCAAQMGDBgwYMCAAQMGDBgwYMCAAQMGDBgwYMCAAQMGDBgwYMCAAQMGDBgwYMCAAQMGDBgwYMCAAQMGDBgwYMCAAQMGDBgwYMCAAQMGDBgwYMCAAQMGDBgwYMCAAQMGDBgwYMCAAQMGDBgwYMDA58AAbI4AAXIu+VEAAAAASUVORK5CYII=\" alt=\"page5image4144198160\" width=\"495.299988\" height=\"13.200000\" \/><\/p>\n<div class=\"layoutArea\">\n<div class=\"column\">\n<p>Id: E27FFAA5-76BB-4F06-A065-984D830D152D. podpisany<\/p>\n<\/div>\n<\/div>\n<div class=\"layoutArea\">\n<div class=\"column\">\n<p>Strona 4<\/p>\n<\/div>\n<\/div>\n<p><img decoding=\"async\" src=\"data:image\/png;base64,iVBORw0KGgoAAAANSUhEUgAAAOQAAAAKCAYAAACkGfJ\/AAAAAXNSR0IArs4c6QAAAHhlWElmTU0AKgAAAAgABAEaAAUAAAABAAAAPgEbAAUAAAABAAAARgEoAAMAAAABAAIAAIdpAAQAAAABAAAATgAAAAAAAr1SAAAJrQACvVIAAAmtAAOgAQADAAAAAQABAACgAgAEAAAAAQAAAOSgAwAEAAAAAQAAAAoAAAAAOz7j\/gAAAAlwSFlzAAALJgAACyYB9hzIsAAAAD9JREFUaAXt0DEBAAAAwqD1T20KP4hAYcCAAQMGDBgwYMCAAQMGDBgwYMCAAQMGDBgwYMCAAQMGDBgwYMDAf2AjqgABnYa\/iAAAAABJRU5ErkJggg==\" alt=\"page5image4144206096\" width=\"227.250000\" height=\"9.900000\" \/> <img decoding=\"async\" src=\"data:image\/png;base64,iVBORw0KGgoAAAANSUhEUgAAAB8AAAAKCAYAAABMtYURAAAAAXNSR0IArs4c6QAAAHhlWElmTU0AKgAAAAgABAEaAAUAAAABAAAAPgEbAAUAAAABAAAARgEoAAMAAAABAAIAAIdpAAQAAAABAAAATgAAAAAAAx\/SAAAK6wADH9IAAArrAAOgAQADAAAAAQABAACgAgAEAAAAAQAAAB+gAwAEAAAAAQAAAAoAAAAAjAL6ZAAAAAlwSFlzAAALRAAAC0QB5OtvxAAAABZJREFUOBFjYBgFoyEwGgKjITBcQwAABOIAAQk+9wsAAAAASUVORK5CYII=\" alt=\"page5image4144206384\" width=\"30.247559\" height=\"9.900000\" \/><\/div>\n<div class=\"page\" title=\"Page 6\">\n<div class=\"layoutArea\">\n<div class=\"column\">\n<p>2) w maksymalnej jednorazowo ilo\u015bci 125 kg albo 240 l.<\/p>\n<p>4. Zu\u017cyte opony, kt\u00f3rych mowa w \u00a7 6 pkt 19, przyjmowane s\u0105 w ilo\u015bci nie wi\u0119kszej ni\u017c 4 sztuki opon w danym roku kalendarzowym od ka\u017cdego mieszka\u0144ca b\u0119d\u0105cego w\u0142a\u015bcicielem samochodu osobowego zarejestrowanego na terenie Gminy Miasto Szczecin.<\/p>\n<p>5. Mieszkaniec w celu skorzystania z uprawnienia do przekazania zu\u017cytych opon zobowi\u0105zany jest do wykazania si\u0119 dokumentem potwierdzaj\u0105cym prawo w\u0142asno\u015bci pojazdu, o kt\u00f3rym mowa w ust. 4.<\/p>\n<p>6.W wytypowanych EKOPORTACH przyjmowane s\u0105 przedmioty gospodarstwa domowego, nieb\u0119d\u0105ce odpadami do powt\u00f3rnego wykorzystania przez mieszka\u0144c\u00f3w lub podmioty maj\u0105ce status instytucji po\u017cytku publicznego.<\/p>\n<p>7. Wst\u0119p na teren EKOPORTU opr\u00f3cz pracownik\u00f3w EKOPORTU ma wy\u0142\u0105cznie mieszkaniec. Pracownik EKOPORTU jest uprawniony i zobowi\u0105zany do weryfikowania posiadania przez osob\u0119 statusu mieszka\u0144ca przed wej\u015bciem na teren EKOPORTU.<\/p>\n<p>8. Mieszkaniec, w celu skorzystania z uprawnienia do magazynowania na terenie EKOPORTU, zobowi\u0105zany jest przed przekazaniem odpad\u00f3w do okazania pracownikowi EKOPORTU:<\/p>\n<p>a)w przypadku mieszka\u0144ca zamieszkuj\u0105cego wzabudowie jednorodzinnej &#8211; dokument z\u0142o\u017conej deklaracji o wysoko\u015bci op\u0142aty za gospodarowanie odpadami komunalnymi na terenie Gminy Miasto Szczecin wraz z potwierdzeniem jej z\u0142o\u017cenia w Gminie Miasto Szczecin,<\/p>\n<p>b) w przypadku mieszka\u0144ca zamieszkuj\u0105cego w zabudowe wielorodzinnej &#8211; informacji o wysoko\u015bci op\u0142aty za gospodarowanie odpadami uj\u0119tej w ostatnio otrzymanym od Wsp\u00f3lnoty Mieszkaniowej, Zarz\u0105dcy nieruchomo\u015bci, Sp\u00f3\u0142dzielni Mieszkaniowej, dokumencie okre\u015blaj\u0105cym wysoko\u015b\u0107 op\u0142aty za u\u017cywanie danego lokalu mieszkalnego mieszka\u0144ca lub inny r\u00f3wnowa\u017cny dokument wskazuj\u0105cy na z\u0142o\u017cenie w imieniu w\u0142a\u015bciciela zamieszkiwanej nieruchomo\u015bci deklaracji o wysoko\u015bci op\u0142aty za gospodarowanie odpadami komunalnymi na terenie Gminy Miasto Szczecin.<\/p>\n<p>9. Mieszkaniec przed przekazaniem odpad\u00f3w do magazynowania na terenie EKOPORTU okazuje pracownikowi EKOPORTU odpady, kt\u00f3re zamierza przekaza\u0107, anast\u0119pnie umieszcza odpady w wyznaczonych do tego celu miejscach, w kontenerach albo pojemnikach.<\/p>\n<p>10. Pracownik EKOPORTU zobowi\u0105zany jest do zweryfikowania i kwalifikacji rodzaju odpad\u00f3w komunalnych przekazywanych przez mieszka\u0144ca przed ich przekazaniem do magazynowania na terenie EKOPORTU.<\/p>\n<p>11. Odpowiedzialno\u015b\u0107 za prawid\u0142ow\u0105 klasyfikacj\u0119 przyjmowanych od mieszka\u0144c\u00f3w odpad\u00f3w obci\u0105\u017ca pracownika EKOPORTU.<\/p>\n<p>12. Pracownik EKOPORTU odmawia przyj\u0119cia przekazywanych przez mieszka\u0144ca odpad\u00f3w:<\/p>\n<p>1) je\u017celi nie pochodz\u0105 one z gospodarstwa domowego w szczeg\u00f3lno\u015bci, je\u015bli ich ilo\u015b\u0107, sk\u0142ad i charakter wskazuj\u0105 jednoznacznie na pochodzenie z dzia\u0142alno\u015bci gospodarczej;<\/p>\n<\/div>\n<\/div>\n<div class=\"layoutArea\">\n<div class=\"column\">\n<p>2) je\u017celi nie mog\u0105 zosta\u0107 jednoznacznie zidentyfikowane w chwili ich przyj\u0119cia;<\/p>\n<p>3) je\u017celi s\u0105 zanieczyszczone lub znajduj\u0105 si\u0119 w stanie uniemo\u017cliwiaj\u0105cym ich magazynowanie na terenie EKOPORT\u00d3W;<\/p>\n<p>4) nie wymienionych w \u00a76;<br \/>\n5) niesegregowanych (zmieszanych) odpad\u00f3w komunalnych,<\/p>\n<\/div>\n<div class=\"column\">\n<p>czasowe<\/p>\n<\/div>\n<\/div>\n<div class=\"layoutArea\">\n<div class=\"column\">\n<p>\u00a7 10. 1. Na terenie EKOPORT\u00d3W odpady magazynowane s\u0105 w wyznaczonych miejscach lub pojemnikach oznaczonych nazw\u0105 rodzajow\u0105 i kodami odpad\u00f3w.<\/p>\n<p>2. Pracownicy EKOPORT\u00d3W prowadz\u0105 ewidencj\u0119 ilo\u015bciowo \u2013 jako\u015bciow\u0105 przyj\u0119tych odpad\u00f3w.<\/p>\n<p>3.Zmagazynowane selektywnie zebrane odpady sukcesywnie przekazywane s\u0105 do zagospodarowania uprawnionym podmiotom, przy czymobr\u00f3t odpadami odbywa si\u0119 zgodnie z obowi\u0105zuj\u0105cymi przepisami.<\/p>\n<\/div>\n<\/div>\n<div class=\"layoutArea\">\n<div class=\"column\">\n<p>\u2013\u2013\u2013\u2013\u2013\u2013\u2013\u2013\u2013\u2013\u2013\u2013\u2013\u2013\u2013\u2013\u2013\u2013\u2013\u2013\u2013\u2013\u2013\u2013\u2013\u2013\u2013\u2013\u2013\u2013\u2013\u2013\u2013\u2013\u2013\u2013\u2013\u2013\u2013\u2013\u2013\u2013\u2013\u2013\u2013\u2013\u2013\u2013\u2013\u2013\u2013\u2013\u2013\u2013\u2013\u2013\u2013\u2013\u2013\u2013\u2013\u2013\u2013\u2013\u2013\u2013\u2013\u2013\u2013\u2013\u2013\u2013\u2013\u2013\u2013\u2013\u2013\u2013\u2013\u2013\u2013\u2013\u2013<\/p>\n<\/div>\n<\/div>\n<p><img decoding=\"async\" src=\"data:image\/png;base64,iVBORw0KGgoAAAANSUhEUgAAAfAAAAAOCAYAAADQQ047AAAAAXNSR0IArs4c6QAAAHhlWElmTU0AKgAAAAgABAEaAAUAAAABAAAAPgEbAAUAAAABAAAARgEoAAMAAAABAAIAAIdpAAQAAAABAAAATgAAAAAADY09AAAuwQANjT0AAC7BAAOgAQADAAAAAQABAACgAgAEAAAAAQAAAfCgAwAEAAAAAQAAAA4AAAAAsd8DvQAAAAlwSFlzAAALaQAAC2kBf\/MjwwAAAJFJREFUeAHt0AENAAAAwqD3T20ON4hAYcCAAQMGDBgwYMCAAQMGDBgwYMCAAQMGDBgwYMCAAQMGDBgwYMCAAQMGDBgwYMCAAQMGDBgwYMCAAQMGDBgwYMCAAQMGDBgwYMCAAQMGDBgwYMCAAQMGDBgwYMCAAQMGDBgwYMCAAQMGDBgwYMCAAQMGDBgwYMDA58AAbI4AAXIu+VEAAAAASUVORK5CYII=\" alt=\"page6image4146202384\" width=\"495.299988\" height=\"13.200000\" \/><\/p>\n<div class=\"layoutArea\">\n<div class=\"column\">\n<p>Id: E27FFAA5-76BB-4F06-A065-984D830D152D. podpisany<\/p>\n<\/div>\n<\/div>\n<div class=\"layoutArea\">\n<div class=\"column\">\n<p>Strona 5<\/p>\n<\/div>\n<\/div>\n<p><img decoding=\"async\" src=\"data:image\/png;base64,iVBORw0KGgoAAAANSUhEUgAAAOQAAAAKCAYAAACkGfJ\/AAAAAXNSR0IArs4c6QAAAHhlWElmTU0AKgAAAAgABAEaAAUAAAABAAAAPgEbAAUAAAABAAAARgEoAAMAAAABAAIAAIdpAAQAAAABAAAATgAAAAAAAr1SAAAJrQACvVIAAAmtAAOgAQADAAAAAQABAACgAgAEAAAAAQAAAOSgAwAEAAAAAQAAAAoAAAAAOz7j\/gAAAAlwSFlzAAALJgAACyYB9hzIsAAAAD9JREFUaAXt0DEBAAAAwqD1T20KP4hAYcCAAQMGDBgwYMCAAQMGDBgwYMCAAQMGDBgwYMCAAQMGDBgwYMDAf2AjqgABnYa\/iAAAAABJRU5ErkJggg==\" alt=\"page6image4146210320\" width=\"227.250000\" height=\"9.900000\" \/> <img decoding=\"async\" src=\"data:image\/png;base64,iVBORw0KGgoAAAANSUhEUgAAAB8AAAAKCAYAAABMtYURAAAAAXNSR0IArs4c6QAAAHhlWElmTU0AKgAAAAgABAEaAAUAAAABAAAAPgEbAAUAAAABAAAARgEoAAMAAAABAAIAAIdpAAQAAAABAAAATgAAAAAAAx\/SAAAK6wADH9IAAArrAAOgAQADAAAAAQABAACgAgAEAAAAAQAAAB+gAwAEAAAAAQAAAAoAAAAAjAL6ZAAAAAlwSFlzAAALRAAAC0QB5OtvxAAAABZJREFUOBFjYBgFoyEwGgKjITBcQwAABOIAAQk+9wsAAAAASUVORK5CYII=\" alt=\"page6image4146210608\" width=\"30.247559\" height=\"9.900000\" \/><\/div>\n<div class=\"page\" title=\"Page 7\">\n<div class=\"layoutArea\">\n<div class=\"column\">\n<p>4.W EKOPORTACH nies\u0105 wydawane po\u015bwiadczenia lub inne dokumenty dla mieszka\u0144ca przekazuj\u0105cego selektywnie zebrane odpady komunalne.<\/p>\n<p>Rozdzia\u0142 4.<br \/>\nOg\u00f3lne zasady funkcjonowania Galerii Szparga\u0142ek, Ksi\u0105\u017cki Na Wynos i wsp\u00f3\u0142pracy z Organizacjami<\/p>\n<p>\u00a7 11. 1. W ramach dzia\u0142alno\u015bci Ksi\u0105\u017cki na Wynos osoba upowa\u017cniona do korzystania z tej cz\u0119\u015bci zasobu mo\u017ce nieodp\u0142atnie pozostawi\u0107, zamieni\u0107, zabra\u0107 znajduj\u0105c\u0105 si\u0119 w danym momencie w zbiorze pozycj\u0119 wydawnicz\u0105, bez ogranicze\u0144 ilo\u015bciowych.<\/p>\n<p>2. Dzia\u0142alno\u015b\u0107 Galerii Szparga\u0142ek oparta jest na mo\u017cliwo\u015bci nieodp\u0142atnego zbycia na rzecz osoby upowa\u017cnionej do korzystania z jej zasob\u00f3w dowolnych produkt\u00f3w (komplet) lub cz\u0119\u015bci produkt\u00f3w, po dokonaniu przez t\u0119 osob\u0119 na rzecz wybranej organizacji darowizny pieni\u0119\u017cnej, rzeczowej lub wykonaniu na rzecz organizacji \u015bwiadczenia jako wolontariusz.<\/p>\n<p>3.Dowodem potwierdzaj\u0105cym dokonanie darowizny lub wykonanie \u015bwiadczenia opisanego w ust. 2 jest odpowiednio dokument przelewu, dow\u00f3d wp\u0142aty got\u00f3wkowej, kupon punktowy, bon Galerii Szparga\u0142ek. Bon Galerii Szparga\u0142ek wydawany jest na wyra\u017ane \u017c\u0105danie osoby upowa\u017cnionej do korzystania z Galerii Szparga\u0142ek.<\/p>\n<p>4.Zbycie produkt\u00f3w (komplet) lub cz\u0119\u015bci produkt\u00f3w Galerii Szparga\u0142ek nast\u0119puje wed\u0142ug nast\u0119puj\u0105cych zasad:<\/p>\n<p>1) warto\u015b\u0107 produktu (komplet) lub cz\u0119\u015bci produktu oceniana jest przez Zak\u0142ad Us\u0142ug Komunalnych w Szczecinie poprzez punktacj\u0119, gdzie warto\u015b\u0107 1 (jednego) punktu odpowiada warto\u015bci 1 (jednego) z\u0142otego;<\/p>\n<p>2) warto\u015b\u0107 punktowa zbywanych produkt\u00f3w (komplet) lub ich cz\u0119\u015bci nie mo\u017ce by\u0107 wy\u017csza ni\u017c warto\u015b\u0107 darowizny dokonanej przez osob\u0119 upowa\u017cnion\u0105 do korzystania z Galerii Szparga\u0142ek liczon\u0105 wz\u0142otych lub warto\u015b\u0107 posiadanego przez t\u0119 osob\u0119 kuponu punktowego. Warto\u015b\u0107 niewykorzystanych kupon\u00f3w punktowych sumuje si\u0119;<\/p>\n<p>3) warto\u015b\u0107 punktowa znajduj\u0105cego si\u0119 w Galerii Szparga\u0142ek produktu (komplet) lub cz\u0119\u015bci produktu jest warto\u015bci\u0105 minimaln\u0105;<\/p>\n<p>4) lista wsp\u00f3\u0142pracuj\u0105cych z Galeri\u0105 Szparga\u0142ek organizacji jest podawana do publicznej wiadomo\u015bci na stronie internetowej www.zuk.szczecin.pl, www.ekoporty.szczecin.pl oraz wywieszana w Galerii Szparga\u0142ek;<\/p>\n<p>5) zestawienie produkt\u00f3w (komplet) lub cz\u0119\u015bci produkt\u00f3w dost\u0119pnych w Galerii Szparga\u0142ek udost\u0119pniana b\u0119dzie do publicznej wiadomo\u015bci na stronie internetowej www.ekoporty.szczecin.pl.<\/p>\n<p>5. Otrzymane w Galerii Szparga\u0142ek produkty (komplet) lub cz\u0119\u015bci produkt\u00f3w:<\/p>\n<p>1) nie s\u0105 traktowane jako zakupione, nie podlegaj\u0105 gwarancji ani r\u0119kojmi;<\/p>\n<p>2) mog\u0105 podlega\u0107 zwrotowi jako odpad komunalny w ramach gminnego funkcjonowania punkt\u00f3w selektywnego zbierania odpad\u00f3w komunalnych EKOPORT\u00d3W;<\/p>\n<p>3) po zwr\u00f3ceniu nie s\u0105 wymieniane na inne i trac\u0105 swoj\u0105 warto\u015b\u0107 punktow\u0105.<\/p>\n<p>\u00a712.Szczeg\u00f3\u0142owe zasady funkcjonowania Galerii Szparga\u0142ek, Ksi\u0105\u017cki na Wynos, okt\u00f3rych mowa w\u00a711oraz warunki wsp\u00f3\u0142pracy zorganizacjami reguluje Zarz\u0105dzenie Dyrektora Zak\u0142adu Us\u0142ug Komunalnych w Szczecinie.<\/p>\n<\/div>\n<\/div>\n<div class=\"layoutArea\">\n<div class=\"column\">\n<p>\u2013\u2013\u2013\u2013\u2013\u2013\u2013\u2013\u2013\u2013\u2013\u2013\u2013\u2013\u2013\u2013\u2013\u2013\u2013\u2013\u2013\u2013\u2013\u2013\u2013\u2013\u2013\u2013\u2013\u2013\u2013\u2013\u2013\u2013\u2013\u2013\u2013\u2013\u2013\u2013\u2013\u2013\u2013\u2013\u2013\u2013\u2013\u2013\u2013\u2013\u2013\u2013\u2013\u2013\u2013\u2013\u2013\u2013\u2013\u2013\u2013\u2013\u2013\u2013\u2013\u2013\u2013\u2013\u2013\u2013\u2013\u2013\u2013\u2013\u2013\u2013\u2013\u2013\u2013\u2013\u2013\u2013\u2013<\/p>\n<\/div>\n<\/div>\n<p><img decoding=\"async\" src=\"data:image\/png;base64,iVBORw0KGgoAAAANSUhEUgAAAfAAAAAOCAYAAADQQ047AAAAAXNSR0IArs4c6QAAAHhlWElmTU0AKgAAAAgABAEaAAUAAAABAAAAPgEbAAUAAAABAAAARgEoAAMAAAABAAIAAIdpAAQAAAABAAAATgAAAAAADY09AAAuwQANjT0AAC7BAAOgAQADAAAAAQABAACgAgAEAAAAAQAAAfCgAwAEAAAAAQAAAA4AAAAAsd8DvQAAAAlwSFlzAAALaQAAC2kBf\/MjwwAAAJFJREFUeAHt0AENAAAAwqD3T20ON4hAYcCAAQMGDBgwYMCAAQMGDBgwYMCAAQMGDBgwYMCAAQMGDBgwYMCAAQMGDBgwYMCAAQMGDBgwYMCAAQMGDBgwYMCAAQMGDBgwYMCAAQMGDBgwYMCAAQMGDBgwYMCAAQMGDBgwYMCAAQMGDBgwYMCAAQMGDBgwYMDA58AAbI4AAXIu+VEAAAAASUVORK5CYII=\" alt=\"page7image4144330160\" width=\"495.299988\" height=\"13.200000\" \/><\/p>\n<div class=\"layoutArea\">\n<div class=\"column\">\n<p>Id: E27FFAA5-76BB-4F06-A065-984D830D152D. podpisany<\/p>\n<\/div>\n<\/div>\n<div class=\"layoutArea\">\n<div class=\"column\">\n<p>Strona 6<\/p>\n<\/div>\n<\/div>\n<p><img decoding=\"async\" src=\"data:image\/png;base64,iVBORw0KGgoAAAANSUhEUgAAAOQAAAAKCAYAAACkGfJ\/AAAAAXNSR0IArs4c6QAAAHhlWElmTU0AKgAAAAgABAEaAAUAAAABAAAAPgEbAAUAAAABAAAARgEoAAMAAAABAAIAAIdpAAQAAAABAAAATgAAAAAAAr1SAAAJrQACvVIAAAmtAAOgAQADAAAAAQABAACgAgAEAAAAAQAAAOSgAwAEAAAAAQAAAAoAAAAAOz7j\/gAAAAlwSFlzAAALJgAACyYB9hzIsAAAAD9JREFUaAXt0DEBAAAAwqD1T20KP4hAYcCAAQMGDBgwYMCAAQMGDBgwYMCAAQMGDBgwYMCAAQMGDBgwYMDAf2AjqgABnYa\/iAAAAABJRU5ErkJggg==\" alt=\"page7image4144338096\" width=\"227.250000\" height=\"9.900000\" \/> <img decoding=\"async\" src=\"data:image\/png;base64,iVBORw0KGgoAAAANSUhEUgAAAB8AAAAKCAYAAABMtYURAAAAAXNSR0IArs4c6QAAAHhlWElmTU0AKgAAAAgABAEaAAUAAAABAAAAPgEbAAUAAAABAAAARgEoAAMAAAABAAIAAIdpAAQAAAABAAAATgAAAAAAAx\/SAAAK6wADH9IAAArrAAOgAQADAAAAAQABAACgAgAEAAAAAQAAAB+gAwAEAAAAAQAAAAoAAAAAjAL6ZAAAAAlwSFlzAAALRAAAC0QB5OtvxAAAABZJREFUOBFjYBgFoyEwGgKjITBcQwAABOIAAQk+9wsAAAAASUVORK5CYII=\" alt=\"page7image4144338384\" width=\"30.247559\" height=\"9.900000\" \/><\/div>\n<div class=\"page\" title=\"Page 8\"><img decoding=\"async\" src=\"data:image\/png;base64,iVBORw0KGgoAAAANSUhEUgAAACAAAAAgCAIAAAD8GO2jAAAAAXNSR0IArs4c6QAAAGxlWElmTU0AKgAAAAgABAEaAAUAAAABAAAAPgEbAAUAAAABAAAARgEoAAMAAAABAAIAAIdpAAQAAAABAAAATgAAAAAABGDSAAAPkwAEYNIAAA+TAAKgAgAEAAAAAQAAACCgAwAEAAAAAQAAACAAAAAAm\/qfgAAAAAlwSFlzAAALEQAACxEBf2RfkQAAAm5JREFUSA1j\/P\/\/PwMtARMtDQeZzQK3oLGxEc7Gz4iIiFBXV8evBi6LsAAoVF9fD5fAxQC6Y8eOHUxMTKqqqrjUIIuTE0RRUVFbtmy5ceMGskG42ORYICoqGhMTs3379uvXr+MyFy5OjgVAzRA7du7cSdAfZFoAsSM6OhoYH\/fu3YO7F5NBvgVwO7Zu3Xr\/\/n1MoyEiKKkIlyI0ccwEvXjx4rq6OjRlZFqANSljWgm3jBwfADUvW7YMbgSQAcwTaCJAQWBqBpJkWgDXD2RgBXD7KIpkiNEPJk+\/UVGL1RqgIBUs+M\/wn5mXh4YWcKmp4SnzyY8DuJO\/P3368fTZd5euAEX+fv4sam0JlwIyqGDB642bgZ540NkDNI6Zl\/f74ydyEaFwOyiy4FbfJGDgcKiqaHe3AU18cebc389fpB3t4KYDGRRZ8PvjRx4jQ3YVJYiJEiZGyEZD2BSlot+fPr8\/cEjB3xfTXLgIRT7gcXVm4uGGm4WVQZEFy88\/ffHyPc\/2i1++fLey0t616ww3D2dggLWrMyIhoQeRX\/PON59+AN3y4csvIBuro+CCf\/\/+ff78rYgIn5Oj\/tq1hz5\/\/vbv7z9k04Eq0S1YVOiYNPHggcvP4\/r3z8u3h5uFlQE03cfLDGjNrt1n5eXFXr58b2+vg6YSPYgEeNgqQw3aV18AkiJ8HGiq0bgzp1egiWBy0S0AhgzQ9KIAPSAJ9AEeO+DlJaahyCLoFkBCBmiugaIwkL2p1h1HTAjDTQGqAVY4WCsioBp0C4CqITqBYQVhw0XgJpLEQLEAT81HkqHIihnxlLTI6shmoydTsg3CpREAHdPQWkBAzwAAAAAASUVORK5CYII=\" alt=\"page8image4142711280\" width=\"32.029896\" height=\"32.000000\" \/><\/p>\n<div class=\"layoutArea\">\n<div class=\"column\">\n<p>DOKUMENT PODPISANY ELEKTRONICZNIE Dane podpisywanego dokumentu<\/p>\n<p>Informacje o z\u0142o\u017conych podpisach elektronicznych<\/p>\n<\/div>\n<\/div>\n<table>\n<tbody>\n<tr>\n<td>\n<div class=\"layoutArea\">\n<div class=\"column\">\n<p>Typ dokumentu Zarz\u0105dzenie<\/p>\n<\/div>\n<\/div>\n<\/td>\n<\/tr>\n<tr>\n<td>\n<div class=\"layoutArea\">\n<div class=\"column\">\n<p>Numer dokumentu 547\/20<\/p>\n<\/div>\n<\/div>\n<\/td>\n<\/tr>\n<tr>\n<td>\n<div class=\"layoutArea\">\n<div class=\"column\">\n<p>Data dokumentu 2020-10-22<\/p>\n<\/div>\n<\/div>\n<\/td>\n<\/tr>\n<tr>\n<td>\n<div class=\"layoutArea\">\n<div class=\"column\">\n<p>Organ wydaj\u0105cy Prezydent Miasta Szczecin<\/p>\n<\/div>\n<\/div>\n<\/td>\n<\/tr>\n<tr>\n<td>\n<div class=\"layoutArea\">\n<div class=\"column\">\n<p>Przedmiot regulacji w sprawie przyj\u0119cia Regulaminu funkcjonowania gminnego systemu punkt\u00f3w selektywnego zbierania odpad\u00f3w komunalnych \u2013 EKOPORT\u00d3W<\/p>\n<\/div>\n<\/div>\n<\/td>\n<\/tr>\n<tr>\n<td>\n<div class=\"layoutArea\">\n<div class=\"column\">\n<p>Identyfikator dokumentu E27FFAA5-76BB-4F06-A065-984D830D152D<\/p>\n<\/div>\n<\/div>\n<\/td>\n<\/tr>\n<\/tbody>\n<\/table>\n<table>\n<tbody>\n<tr>\n<td>\n<div class=\"layoutArea\">\n<div class=\"column\">\n<p>Podpis:<\/p>\n<\/div>\n<\/div>\n<\/td>\n<\/tr>\n<tr>\n<td>\n<div class=\"layoutArea\">\n<div class=\"column\">\n<p>Sygnatura Signature-1722088525<\/p>\n<\/div>\n<\/div>\n<\/td>\n<\/tr>\n<tr>\n<td>\n<div class=\"layoutArea\">\n<div class=\"column\">\n<p>Numer seryjny 57F952ACB3A70DE73108CE987B34D969<\/p>\n<\/div>\n<\/div>\n<\/td>\n<\/tr>\n<tr>\n<td>\n<div class=\"layoutArea\">\n<div class=\"column\">\n<p>Osoba podpisuj\u0105ca Krzysztof Soska\\; Gmina Miasto Szczecin<\/p>\n<\/div>\n<\/div>\n<\/td>\n<\/tr>\n<tr>\n<td>\n<div class=\"layoutArea\">\n<div class=\"column\">\n<p>Instytucja Gmina Miasto Szczecin<\/p>\n<\/div>\n<\/div>\n<\/td>\n<\/tr>\n<tr>\n<td>\n<div class=\"layoutArea\">\n<div class=\"column\">\n<p>Miejscowo\u015b\u0107 Szczecin<\/p>\n<\/div>\n<\/div>\n<\/td>\n<\/tr>\n<tr>\n<td>\n<div class=\"layoutArea\">\n<div class=\"column\">\n<p>Wojew\u00f3dztwo zachodniopomorskie<\/p>\n<\/div>\n<\/div>\n<\/td>\n<\/tr>\n<tr>\n<td>\n<div class=\"layoutArea\">\n<div class=\"column\">\n<p>Kraj PL<\/p>\n<\/div>\n<\/div>\n<\/td>\n<\/tr>\n<tr>\n<td>\n<div class=\"layoutArea\">\n<div class=\"column\">\n<p>Data z\u0142o\u017cenia podpisu 2020-10-22 09:37:00<\/p>\n<\/div>\n<\/div>\n<\/td>\n<\/tr>\n<tr>\n<td>\n<div class=\"layoutArea\">\n<div class=\"column\">\n<p>Zakres podpisu Kontrasygnata &#8211; z wy\u0142\u0105czeniem daty i numeru<\/p>\n<\/div>\n<\/div>\n<\/td>\n<\/tr>\n<tr>\n<td>\n<div class=\"layoutArea\">\n<div class=\"column\">\n<p>Wystawca certyfikatu VATPL-5170359458 Certum QCA 2017 Asseco Data Systems S.A. PL<\/p>\n<\/div>\n<\/div>\n<\/td>\n<\/tr>\n<\/tbody>\n<\/table>\n<div class=\"layoutArea\">\n<div class=\"column\">\n<p>\u2013\u2013\u2013\u2013\u2013\u2013\u2013\u2013\u2013\u2013\u2013\u2013\u2013\u2013\u2013\u2013\u2013\u2013\u2013\u2013\u2013\u2013\u2013\u2013\u2013\u2013\u2013\u2013\u2013\u2013\u2013\u2013\u2013\u2013\u2013\u2013\u2013\u2013\u2013\u2013\u2013\u2013\u2013\u2013\u2013\u2013\u2013\u2013\u2013\u2013\u2013\u2013\u2013\u2013\u2013\u2013\u2013\u2013\u2013\u2013\u2013\u2013\u2013\u2013\u2013\u2013\u2013\u2013\u2013\u2013\u2013\u2013\u2013\u2013\u2013\u2013\u2013\u2013\u2013\u2013\u2013\u2013\u2013<\/p>\n<\/div>\n<\/div>\n<p><img decoding=\"async\" src=\"data:image\/png;base64,iVBORw0KGgoAAAANSUhEUgAAAfAAAAAOCAYAAADQQ047AAAAAXNSR0IArs4c6QAAAHhlWElmTU0AKgAAAAgABAEaAAUAAAABAAAAPgEbAAUAAAABAAAARgEoAAMAAAABAAIAAIdpAAQAAAABAAAATgAAAAAADY09AAAuwQANjT0AAC7BAAOgAQADAAAAAQABAACgAgAEAAAAAQAAAfCgAwAEAAAAAQAAAA4AAAAAsd8DvQAAAAlwSFlzAAALaQAAC2kBf\/MjwwAAAJFJREFUeAHt0AENAAAAwqD3T20ON4hAYcCAAQMGDBgwYMCAAQMGDBgwYMCAAQMGDBgwYMCAAQMGDBgwYMCAAQMGDBgwYMCAAQMGDBgwYMCAAQMGDBgwYMCAAQMGDBgwYMCAAQMGDBgwYMCAAQMGDBgwYMCAAQMGDBgwYMCAAQMGDBgwYMCAAQMGDBgwYMDA58AAbI4AAXIu+VEAAAAASUVORK5CYII=\" alt=\"page8image4144552288\" width=\"495.299988\" height=\"13.200000\" \/><\/p>\n<div class=\"layoutArea\">\n<div class=\"column\">\n<p>Id: E27FFAA5-76BB-4F06-A065-984D830D152D. podpisany<\/p>\n<\/div>\n<\/div>\n<div class=\"layoutArea\">\n<div class=\"column\">\n<p>Strona 7<\/p>\n<\/div>\n<\/div>\n<\/div>\n","protected":false},"excerpt":{"rendered":"<p>ZARZ\u0104DZENIE NR 547\/20 PREZYDENTA MIASTA SZCZECIN z dnia 22 pa\u017adziernika 2020 r. w sprawie przyj\u0119cia Regulaminu funkcjonowania gminnego systemu punkt\u00f3w selektywnego zbierania odpad\u00f3w komunalnych \u2013 EKOPORT\u00d3W Na podstawie art. 30 ust. 2 pkt 3 ustawy z dnia 8 marca 1990 r. o samorz\u0105dzie gminnym (Dz. U. z 2020 r. poz. 713 i 1378) oraz \u00a7 &hellip; <a href=\"https:\/\/ekoporty.szczecin.pl\/?page_id=159\" class=\"more-link\">Czytaj dalej <span class=\"screen-reader-text\">ZARZ\u0104DZENIE NR 547\/20 PREZYDENTA MIASTA SZCZECIN z dnia 22 pa\u017adziernika 2020 r.<\/span><\/a><\/p>\n","protected":false},"author":1,"featured_media":0,"parent":0,"menu_order":0,"comment_status":"closed","ping_status":"closed","template":"page-fullwidth.php","meta":{"footnotes":""},"class_list":["post-159","page","type-page","status-publish","hentry"],"yoast_head":"<!-- This site is optimized with the Yoast SEO plugin v27.5 - https:\/\/yoast.com\/product\/yoast-seo-wordpress\/ -->\n<title>ZARZ\u0104DZENIE NR 547\/20 PREZYDENTA MIASTA SZCZECIN z dnia 22 pa\u017adziernika 2020 r. &#171; EKOPORTY SZCZECIN<\/title>\n<meta name=\"robots\" content=\"index, follow, max-snippet:-1, max-image-preview:large, max-video-preview:-1\" \/>\n<link rel=\"canonical\" href=\"https:\/\/ekoporty.szczecin.pl\/?page_id=159\" \/>\n<meta property=\"og:locale\" content=\"pl_PL\" \/>\n<meta property=\"og:type\" content=\"article\" \/>\n<meta property=\"og:title\" content=\"ZARZ\u0104DZENIE NR 547\/20 PREZYDENTA MIASTA SZCZECIN z dnia 22 pa\u017adziernika 2020 r. &#171; EKOPORTY SZCZECIN\" \/>\n<meta property=\"og:description\" content=\"ZARZ\u0104DZENIE NR 547\/20 PREZYDENTA MIASTA SZCZECIN z dnia 22 pa\u017adziernika 2020 r. w sprawie przyj\u0119cia Regulaminu funkcjonowania gminnego systemu punkt\u00f3w selektywnego zbierania odpad\u00f3w komunalnych \u2013 EKOPORT\u00d3W Na podstawie art. 30 ust. 2 pkt 3 ustawy z dnia 8 marca 1990 r. o samorz\u0105dzie gminnym (Dz. U. z 2020 r. poz. 713 i 1378) oraz \u00a7 &hellip; Czytaj dalej ZARZ\u0104DZENIE NR 547\/20 PREZYDENTA MIASTA SZCZECIN z dnia 22 pa\u017adziernika 2020 r.\" \/>\n<meta property=\"og:url\" content=\"https:\/\/ekoporty.szczecin.pl\/?page_id=159\" \/>\n<meta property=\"og:site_name\" content=\"EKOPORTY SZCZECIN\" \/>\n<meta property=\"article:modified_time\" content=\"2021-01-12T12:58:09+00:00\" \/>\n<meta name=\"twitter:card\" content=\"summary_large_image\" \/>\n<meta name=\"twitter:label1\" content=\"Szacowany czas czytania\" \/>\n\t<meta name=\"twitter:data1\" content=\"16 minut\" \/>\n<script type=\"application\/ld+json\" class=\"yoast-schema-graph\">{\"@context\":\"https:\\\/\\\/schema.org\",\"@graph\":[{\"@type\":\"WebPage\",\"@id\":\"https:\\\/\\\/ekoporty.szczecin.pl\\\/?page_id=159\",\"url\":\"https:\\\/\\\/ekoporty.szczecin.pl\\\/?page_id=159\",\"name\":\"ZARZ\u0104DZENIE NR 547\\\/20 PREZYDENTA MIASTA SZCZECIN z dnia 22 pa\u017adziernika 2020 r. &#171; EKOPORTY SZCZECIN\",\"isPartOf\":{\"@id\":\"https:\\\/\\\/ekoporty.szczecin.pl\\\/#website\"},\"datePublished\":\"2017-07-24T15:20:38+00:00\",\"dateModified\":\"2021-01-12T12:58:09+00:00\",\"breadcrumb\":{\"@id\":\"https:\\\/\\\/ekoporty.szczecin.pl\\\/?page_id=159#breadcrumb\"},\"inLanguage\":\"pl-PL\",\"potentialAction\":[{\"@type\":\"ReadAction\",\"target\":[\"https:\\\/\\\/ekoporty.szczecin.pl\\\/?page_id=159\"]}]},{\"@type\":\"BreadcrumbList\",\"@id\":\"https:\\\/\\\/ekoporty.szczecin.pl\\\/?page_id=159#breadcrumb\",\"itemListElement\":[{\"@type\":\"ListItem\",\"position\":1,\"name\":\"Strona g\u0142\u00f3wna\",\"item\":\"https:\\\/\\\/ekoporty.szczecin.pl\\\/\"},{\"@type\":\"ListItem\",\"position\":2,\"name\":\"ZARZ\u0104DZENIE NR 547\\\/20 PREZYDENTA MIASTA SZCZECIN z dnia 22 pa\u017adziernika 2020 r.\"}]},{\"@type\":\"WebSite\",\"@id\":\"https:\\\/\\\/ekoporty.szczecin.pl\\\/#website\",\"url\":\"https:\\\/\\\/ekoporty.szczecin.pl\\\/\",\"name\":\"Ekoporty\",\"description\":\"ZUK Szczecin - Punkty Selektywnej Zbi\u00f3rki Odpad\u00f3w Komunalnych - Zapraszamy\",\"publisher\":{\"@id\":\"https:\\\/\\\/ekoporty.szczecin.pl\\\/#organization\"},\"potentialAction\":[{\"@type\":\"SearchAction\",\"target\":{\"@type\":\"EntryPoint\",\"urlTemplate\":\"https:\\\/\\\/ekoporty.szczecin.pl\\\/?s={search_term_string}\"},\"query-input\":{\"@type\":\"PropertyValueSpecification\",\"valueRequired\":true,\"valueName\":\"search_term_string\"}}],\"inLanguage\":\"pl-PL\"},{\"@type\":\"Organization\",\"@id\":\"https:\\\/\\\/ekoporty.szczecin.pl\\\/#organization\",\"name\":\"Zak\u0142ad Us\u0142ug Komunalnych Szczecin\",\"url\":\"https:\\\/\\\/ekoporty.szczecin.pl\\\/\",\"logo\":{\"@type\":\"ImageObject\",\"inLanguage\":\"pl-PL\",\"@id\":\"https:\\\/\\\/ekoporty.szczecin.pl\\\/#\\\/schema\\\/logo\\\/image\\\/\",\"url\":\"http:\\\/\\\/ekoporty.szczecin.pl\\\/wp-content\\\/uploads\\\/2018\\\/03\\\/logo5.jpg\",\"contentUrl\":\"http:\\\/\\\/ekoporty.szczecin.pl\\\/wp-content\\\/uploads\\\/2018\\\/03\\\/logo5.jpg\",\"width\":260,\"height\":66,\"caption\":\"Zak\u0142ad Us\u0142ug Komunalnych Szczecin\"},\"image\":{\"@id\":\"https:\\\/\\\/ekoporty.szczecin.pl\\\/#\\\/schema\\\/logo\\\/image\\\/\"}}]}<\/script>\n<!-- \/ Yoast SEO plugin. -->","yoast_head_json":{"title":"ZARZ\u0104DZENIE NR 547\/20 PREZYDENTA MIASTA SZCZECIN z dnia 22 pa\u017adziernika 2020 r. &#171; EKOPORTY SZCZECIN","robots":{"index":"index","follow":"follow","max-snippet":"max-snippet:-1","max-image-preview":"max-image-preview:large","max-video-preview":"max-video-preview:-1"},"canonical":"https:\/\/ekoporty.szczecin.pl\/?page_id=159","og_locale":"pl_PL","og_type":"article","og_title":"ZARZ\u0104DZENIE NR 547\/20 PREZYDENTA MIASTA SZCZECIN z dnia 22 pa\u017adziernika 2020 r. &#171; EKOPORTY SZCZECIN","og_description":"ZARZ\u0104DZENIE NR 547\/20 PREZYDENTA MIASTA SZCZECIN z dnia 22 pa\u017adziernika 2020 r. w sprawie przyj\u0119cia Regulaminu funkcjonowania gminnego systemu punkt\u00f3w selektywnego zbierania odpad\u00f3w komunalnych \u2013 EKOPORT\u00d3W Na podstawie art. 30 ust. 2 pkt 3 ustawy z dnia 8 marca 1990 r. o samorz\u0105dzie gminnym (Dz. U. z 2020 r. poz. 713 i 1378) oraz \u00a7 &hellip; Czytaj dalej ZARZ\u0104DZENIE NR 547\/20 PREZYDENTA MIASTA SZCZECIN z dnia 22 pa\u017adziernika 2020 r.","og_url":"https:\/\/ekoporty.szczecin.pl\/?page_id=159","og_site_name":"EKOPORTY SZCZECIN","article_modified_time":"2021-01-12T12:58:09+00:00","twitter_card":"summary_large_image","twitter_misc":{"Szacowany czas czytania":"16 minut"},"schema":{"@context":"https:\/\/schema.org","@graph":[{"@type":"WebPage","@id":"https:\/\/ekoporty.szczecin.pl\/?page_id=159","url":"https:\/\/ekoporty.szczecin.pl\/?page_id=159","name":"ZARZ\u0104DZENIE NR 547\/20 PREZYDENTA MIASTA SZCZECIN z dnia 22 pa\u017adziernika 2020 r. &#171; EKOPORTY SZCZECIN","isPartOf":{"@id":"https:\/\/ekoporty.szczecin.pl\/#website"},"datePublished":"2017-07-24T15:20:38+00:00","dateModified":"2021-01-12T12:58:09+00:00","breadcrumb":{"@id":"https:\/\/ekoporty.szczecin.pl\/?page_id=159#breadcrumb"},"inLanguage":"pl-PL","potentialAction":[{"@type":"ReadAction","target":["https:\/\/ekoporty.szczecin.pl\/?page_id=159"]}]},{"@type":"BreadcrumbList","@id":"https:\/\/ekoporty.szczecin.pl\/?page_id=159#breadcrumb","itemListElement":[{"@type":"ListItem","position":1,"name":"Strona g\u0142\u00f3wna","item":"https:\/\/ekoporty.szczecin.pl\/"},{"@type":"ListItem","position":2,"name":"ZARZ\u0104DZENIE NR 547\/20 PREZYDENTA MIASTA SZCZECIN z dnia 22 pa\u017adziernika 2020 r."}]},{"@type":"WebSite","@id":"https:\/\/ekoporty.szczecin.pl\/#website","url":"https:\/\/ekoporty.szczecin.pl\/","name":"Ekoporty","description":"ZUK Szczecin - Punkty Selektywnej Zbi\u00f3rki Odpad\u00f3w Komunalnych - Zapraszamy","publisher":{"@id":"https:\/\/ekoporty.szczecin.pl\/#organization"},"potentialAction":[{"@type":"SearchAction","target":{"@type":"EntryPoint","urlTemplate":"https:\/\/ekoporty.szczecin.pl\/?s={search_term_string}"},"query-input":{"@type":"PropertyValueSpecification","valueRequired":true,"valueName":"search_term_string"}}],"inLanguage":"pl-PL"},{"@type":"Organization","@id":"https:\/\/ekoporty.szczecin.pl\/#organization","name":"Zak\u0142ad Us\u0142ug Komunalnych Szczecin","url":"https:\/\/ekoporty.szczecin.pl\/","logo":{"@type":"ImageObject","inLanguage":"pl-PL","@id":"https:\/\/ekoporty.szczecin.pl\/#\/schema\/logo\/image\/","url":"http:\/\/ekoporty.szczecin.pl\/wp-content\/uploads\/2018\/03\/logo5.jpg","contentUrl":"http:\/\/ekoporty.szczecin.pl\/wp-content\/uploads\/2018\/03\/logo5.jpg","width":260,"height":66,"caption":"Zak\u0142ad Us\u0142ug Komunalnych Szczecin"},"image":{"@id":"https:\/\/ekoporty.szczecin.pl\/#\/schema\/logo\/image\/"}}]}},"jetpack_sharing_enabled":true,"jetpack_shortlink":"https:\/\/wp.me\/P8ZWwp-2z","_links":{"self":[{"href":"https:\/\/ekoporty.szczecin.pl\/index.php?rest_route=\/wp\/v2\/pages\/159","targetHints":{"allow":["GET"]}}],"collection":[{"href":"https:\/\/ekoporty.szczecin.pl\/index.php?rest_route=\/wp\/v2\/pages"}],"about":[{"href":"https:\/\/ekoporty.szczecin.pl\/index.php?rest_route=\/wp\/v2\/types\/page"}],"author":[{"embeddable":true,"href":"https:\/\/ekoporty.szczecin.pl\/index.php?rest_route=\/wp\/v2\/users\/1"}],"replies":[{"embeddable":true,"href":"https:\/\/ekoporty.szczecin.pl\/index.php?rest_route=%2Fwp%2Fv2%2Fcomments&post=159"}],"version-history":[{"count":18,"href":"https:\/\/ekoporty.szczecin.pl\/index.php?rest_route=\/wp\/v2\/pages\/159\/revisions"}],"predecessor-version":[{"id":26379,"href":"https:\/\/ekoporty.szczecin.pl\/index.php?rest_route=\/wp\/v2\/pages\/159\/revisions\/26379"}],"wp:attachment":[{"href":"https:\/\/ekoporty.szczecin.pl\/index.php?rest_route=%2Fwp%2Fv2%2Fmedia&parent=159"}],"curies":[{"name":"wp","href":"https:\/\/api.w.org\/{rel}","templated":true}]}}