{"id":25601,"date":"2020-04-22T10:54:31","date_gmt":"2020-04-22T08:54:31","guid":{"rendered":"http:\/\/ekoporty.szczecin.pl\/?page_id=25601"},"modified":"2025-11-12T12:21:09","modified_gmt":"2025-11-12T11:21:09","slug":"drugie-zycie-naszych-przedmiotow","status":"publish","type":"page","link":"https:\/\/ekoporty.szczecin.pl\/?page_id=25601","title":{"rendered":"Drugie \u017cycie naszych przedmiot\u00f3w"},"content":{"rendered":"<p><\/p>\r\n<p><span style=\"font-size: 14pt;\"><strong>Odzyskane &#8211; Pokochane #2<\/strong><\/span><\/p>\r\n<div class=\"_df_book df-lite\" id=\"df_47559\"  _slug=\"odzyskane-pokochane2\" data-title=\"odzyskane-pokochane2\" wpoptions=\"true\" thumbtype=\"\" ><\/div><script class=\"df-shortcode-script\" nowprocket type=\"application\/javascript\">window.option_df_47559 = {\"outline\":[],\"autoEnableOutline\":\"false\",\"autoEnableThumbnail\":\"false\",\"overwritePDFOutline\":\"false\",\"enableDownload\":\"true\",\"direction\":\"1\",\"pageSize\":\"0\",\"soundEnable\":\"false\",\"source\":\"https:\\\/\\\/ekoporty.szczecin.pl\\\/wp-content\\\/uploads\\\/2025\\\/11\\\/Odzyskane-pokochane-2pdf.pdf\",\"wpOptions\":\"true\"}; if(window.DFLIP && window.DFLIP.parseBooks){window.DFLIP.parseBooks();}<\/script>\r\n<p><span style=\"font-size: 14pt;\"><strong>Metamorfozy i dekoracje z Galeri\u0105 Szparga\u0142ek:<\/strong><\/span><\/p>\r\n<div class=\"_df_book df-lite\" id=\"df_46710\"  _slug=\"drugie-zycie-2-0\" data-title=\"drugie-zycie-2-0\" wpoptions=\"true\" thumbtype=\"\" ><\/div><script class=\"df-shortcode-script\" nowprocket type=\"application\/javascript\">window.option_df_46710 = {\"outline\":[],\"autoEnableOutline\":\"false\",\"autoEnableThumbnail\":\"false\",\"overwritePDFOutline\":\"false\",\"direction\":\"1\",\"pageSize\":\"0\",\"soundEnable\":\"false\",\"source\":\"http:\\\/\\\/ekoporty.szczecin.pl\\\/wp-content\\\/uploads\\\/2022\\\/02\\\/DRUGIE-ZYCIE-PRZEDMIOTOW-na-strony-wlasne-skompresowany.pdf\",\"wpOptions\":\"true\"}; if(window.DFLIP && window.DFLIP.parseBooks){window.DFLIP.parseBooks();}<\/script>\r\n<p><span style=\"font-size: 14pt;\"><strong>Bo\u017ce Narodzenie z Galeri\u0105 Szparga\u0142ek:<\/strong><\/span><\/p>\r\n<div class=\"_df_book df-lite\" id=\"df_46795\"  _slug=\"drugie-zycie-boze-narodzenia\" data-title=\"drugie-zycie-boze-narodzenie\" wpoptions=\"true\" thumbtype=\"\" ><\/div><script class=\"df-shortcode-script\" nowprocket type=\"application\/javascript\">window.option_df_46795 = {\"outline\":[],\"autoEnableOutline\":\"false\",\"autoEnableThumbnail\":\"false\",\"overwritePDFOutline\":\"false\",\"direction\":\"1\",\"pageSize\":\"0\",\"soundEnable\":\"false\",\"source\":\"http:\\\/\\\/ekoporty.szczecin.pl\\\/wp-content\\\/uploads\\\/2022\\\/02\\\/pdfresizer.com-pdf-resize.pdf\",\"wpOptions\":\"true\"}; if(window.DFLIP && window.DFLIP.parseBooks){window.DFLIP.parseBooks();}<\/script>\r\n<p>&nbsp;<\/p>\r\n<p><\/p>\r\n<p>&nbsp;<\/p>\r\n<div id='gallery-1' class='gallery galleryid-25601 gallery-columns-3 gallery-size-large'><figure class='gallery-item'>\n\t\t\t<div class='gallery-icon portrait'>\n\t\t\t\t<a href='https:\/\/ekoporty.szczecin.pl\/?attachment_id=45947'><img loading=\"lazy\" decoding=\"async\" width=\"660\" height=\"882\" src=\"https:\/\/ekoporty.szczecin.pl\/wp-content\/uploads\/2022\/03\/received_716300816212372-766x1024.jpeg\" class=\"attachment-large size-large\" alt=\"\" aria-describedby=\"gallery-1-45947\" srcset=\"https:\/\/ekoporty.szczecin.pl\/wp-content\/uploads\/2022\/03\/received_716300816212372-766x1024.jpeg 766w, https:\/\/ekoporty.szczecin.pl\/wp-content\/uploads\/2022\/03\/received_716300816212372-224x300.jpeg 224w, https:\/\/ekoporty.szczecin.pl\/wp-content\/uploads\/2022\/03\/received_716300816212372-768x1027.jpeg 768w, https:\/\/ekoporty.szczecin.pl\/wp-content\/uploads\/2022\/03\/received_716300816212372-1149x1536.jpeg 1149w, https:\/\/ekoporty.szczecin.pl\/wp-content\/uploads\/2022\/03\/received_716300816212372-449x600.jpeg 449w, https:\/\/ekoporty.szczecin.pl\/wp-content\/uploads\/2022\/03\/received_716300816212372-120x160.jpeg 120w, https:\/\/ekoporty.szczecin.pl\/wp-content\/uploads\/2022\/03\/received_716300816212372-280x374.jpeg 280w, https:\/\/ekoporty.szczecin.pl\/wp-content\/uploads\/2022\/03\/received_716300816212372.jpeg 1532w\" sizes=\"auto, (max-width: 660px) 100vw, 660px\" \/><\/a>\n\t\t\t<\/div>\n\t\t\t\t<figcaption class='wp-caption-text gallery-caption' id='gallery-1-45947'>\n\t\t\t\t#2 Figurki dosta\u0142y dos\u0142ownie drugie \u017cycie. Mia\u0142y trafi\u0107 na \u015bmietnik a zosta\u0142y odnowione i r\u0119cznie pomalowane\n\t\t\t\t<\/figcaption><\/figure><figure class='gallery-item'>\n\t\t\t<div class='gallery-icon portrait'>\n\t\t\t\t<a href='https:\/\/ekoporty.szczecin.pl\/?attachment_id=45944'><img loading=\"lazy\" decoding=\"async\" width=\"660\" height=\"880\" src=\"https:\/\/ekoporty.szczecin.pl\/wp-content\/uploads\/2022\/03\/IMG-20220318-WA0010-768x1024.jpg\" class=\"attachment-large size-large\" alt=\"\" aria-describedby=\"gallery-1-45944\" srcset=\"https:\/\/ekoporty.szczecin.pl\/wp-content\/uploads\/2022\/03\/IMG-20220318-WA0010-768x1024.jpg 768w, https:\/\/ekoporty.szczecin.pl\/wp-content\/uploads\/2022\/03\/IMG-20220318-WA0010-225x300.jpg 225w, https:\/\/ekoporty.szczecin.pl\/wp-content\/uploads\/2022\/03\/IMG-20220318-WA0010-1152x1536.jpg 1152w, https:\/\/ekoporty.szczecin.pl\/wp-content\/uploads\/2022\/03\/IMG-20220318-WA0010-450x600.jpg 450w, https:\/\/ekoporty.szczecin.pl\/wp-content\/uploads\/2022\/03\/IMG-20220318-WA0010-120x160.jpg 120w, https:\/\/ekoporty.szczecin.pl\/wp-content\/uploads\/2022\/03\/IMG-20220318-WA0010-280x373.jpg 280w, https:\/\/ekoporty.szczecin.pl\/wp-content\/uploads\/2022\/03\/IMG-20220318-WA0010.jpg 1500w\" sizes=\"auto, (max-width: 660px) 100vw, 660px\" \/><\/a>\n\t\t\t<\/div>\n\t\t\t\t<figcaption class='wp-caption-text gallery-caption' id='gallery-1-45944'>\n\t\t\t\tPopo\u0142udniowa herbatka w zestawie ze Szparga\u0142ka.\n\t\t\t\t<\/figcaption><\/figure><figure class='gallery-item'>\n\t\t\t<div class='gallery-icon landscape'>\n\t\t\t\t<a href='https:\/\/ekoporty.szczecin.pl\/?attachment_id=46097'><img loading=\"lazy\" decoding=\"async\" width=\"660\" height=\"495\" src=\"https:\/\/ekoporty.szczecin.pl\/wp-content\/uploads\/2022\/05\/FB_IMG_1651246619057-1024x768.jpg\" class=\"attachment-large size-large\" alt=\"\" aria-describedby=\"gallery-1-46097\" srcset=\"https:\/\/ekoporty.szczecin.pl\/wp-content\/uploads\/2022\/05\/FB_IMG_1651246619057-1024x768.jpg 1024w, https:\/\/ekoporty.szczecin.pl\/wp-content\/uploads\/2022\/05\/FB_IMG_1651246619057-300x225.jpg 300w, https:\/\/ekoporty.szczecin.pl\/wp-content\/uploads\/2022\/05\/FB_IMG_1651246619057-768x576.jpg 768w, https:\/\/ekoporty.szczecin.pl\/wp-content\/uploads\/2022\/05\/FB_IMG_1651246619057-600x450.jpg 600w, https:\/\/ekoporty.szczecin.pl\/wp-content\/uploads\/2022\/05\/FB_IMG_1651246619057-213x160.jpg 213w, https:\/\/ekoporty.szczecin.pl\/wp-content\/uploads\/2022\/05\/FB_IMG_1651246619057-280x210.jpg 280w, https:\/\/ekoporty.szczecin.pl\/wp-content\/uploads\/2022\/05\/FB_IMG_1651246619057.jpg 1080w\" sizes=\"auto, (max-width: 660px) 100vw, 660px\" \/><\/a>\n\t\t\t<\/div>\n\t\t\t\t<figcaption class='wp-caption-text gallery-caption' id='gallery-1-46097'>\n\t\t\t\tKolekcja anio\u0142k\u00f3w z &#8222;odzysku::)\n\t\t\t\t<\/figcaption><\/figure><figure class='gallery-item'>\n\t\t\t<div class='gallery-icon portrait'>\n\t\t\t\t<a href='https:\/\/ekoporty.szczecin.pl\/?attachment_id=46098'><img loading=\"lazy\" decoding=\"async\" width=\"660\" height=\"880\" src=\"https:\/\/ekoporty.szczecin.pl\/wp-content\/uploads\/2022\/05\/FB_IMG_1651264437329-768x1024.jpg\" class=\"attachment-large size-large\" alt=\"\" aria-describedby=\"gallery-1-46098\" srcset=\"https:\/\/ekoporty.szczecin.pl\/wp-content\/uploads\/2022\/05\/FB_IMG_1651264437329-768x1024.jpg 768w, https:\/\/ekoporty.szczecin.pl\/wp-content\/uploads\/2022\/05\/FB_IMG_1651264437329-225x300.jpg 225w, https:\/\/ekoporty.szczecin.pl\/wp-content\/uploads\/2022\/05\/FB_IMG_1651264437329-450x600.jpg 450w, https:\/\/ekoporty.szczecin.pl\/wp-content\/uploads\/2022\/05\/FB_IMG_1651264437329-120x160.jpg 120w, https:\/\/ekoporty.szczecin.pl\/wp-content\/uploads\/2022\/05\/FB_IMG_1651264437329-280x373.jpg 280w, https:\/\/ekoporty.szczecin.pl\/wp-content\/uploads\/2022\/05\/FB_IMG_1651264437329.jpg 1080w\" sizes=\"auto, (max-width: 660px) 100vw, 660px\" \/><\/a>\n\t\t\t<\/div>\n\t\t\t\t<figcaption class='wp-caption-text gallery-caption' id='gallery-1-46098'>\n\t\t\t\tGustowne wazoniki.\n\t\t\t\t<\/figcaption><\/figure><figure class='gallery-item'>\n\t\t\t<div class='gallery-icon portrait'>\n\t\t\t\t<a href='https:\/\/ekoporty.szczecin.pl\/?attachment_id=45946'><img loading=\"lazy\" decoding=\"async\" width=\"660\" height=\"882\" src=\"https:\/\/ekoporty.szczecin.pl\/wp-content\/uploads\/2022\/03\/received_521343059617369-766x1024.jpeg\" class=\"attachment-large size-large\" alt=\"\" aria-describedby=\"gallery-1-45946\" srcset=\"https:\/\/ekoporty.szczecin.pl\/wp-content\/uploads\/2022\/03\/received_521343059617369-766x1024.jpeg 766w, https:\/\/ekoporty.szczecin.pl\/wp-content\/uploads\/2022\/03\/received_521343059617369-224x300.jpeg 224w, https:\/\/ekoporty.szczecin.pl\/wp-content\/uploads\/2022\/03\/received_521343059617369-768x1027.jpeg 768w, https:\/\/ekoporty.szczecin.pl\/wp-content\/uploads\/2022\/03\/received_521343059617369-1149x1536.jpeg 1149w, https:\/\/ekoporty.szczecin.pl\/wp-content\/uploads\/2022\/03\/received_521343059617369-449x600.jpeg 449w, https:\/\/ekoporty.szczecin.pl\/wp-content\/uploads\/2022\/03\/received_521343059617369-120x160.jpeg 120w, https:\/\/ekoporty.szczecin.pl\/wp-content\/uploads\/2022\/03\/received_521343059617369-280x374.jpeg 280w, https:\/\/ekoporty.szczecin.pl\/wp-content\/uploads\/2022\/03\/received_521343059617369.jpeg 1532w\" sizes=\"auto, (max-width: 660px) 100vw, 660px\" \/><\/a>\n\t\t\t<\/div>\n\t\t\t\t<figcaption class='wp-caption-text gallery-caption' id='gallery-1-45946'>\n\t\t\t\t#1 Figurki dosta\u0142y dos\u0142ownie drugie \u017cycie. Mia\u0142y trafi\u0107 na \u015bmietnik a zosta\u0142y odnowione i r\u0119cznie pomalowane\n\t\t\t\t<\/figcaption><\/figure><figure class='gallery-item'>\n\t\t\t<div class='gallery-icon landscape'>\n\t\t\t\t<a href='https:\/\/ekoporty.szczecin.pl\/?attachment_id=25624'><img loading=\"lazy\" decoding=\"async\" width=\"660\" height=\"495\" src=\"https:\/\/ekoporty.szczecin.pl\/wp-content\/uploads\/2020\/05\/IMG_6094-1024x768.jpeg\" class=\"attachment-large size-large\" alt=\"\" aria-describedby=\"gallery-1-25624\" srcset=\"https:\/\/ekoporty.szczecin.pl\/wp-content\/uploads\/2020\/05\/IMG_6094-1024x768.jpeg 1024w, https:\/\/ekoporty.szczecin.pl\/wp-content\/uploads\/2020\/05\/IMG_6094-300x225.jpeg 300w, https:\/\/ekoporty.szczecin.pl\/wp-content\/uploads\/2020\/05\/IMG_6094-768x576.jpeg 768w, https:\/\/ekoporty.szczecin.pl\/wp-content\/uploads\/2020\/05\/IMG_6094-1536x1152.jpeg 1536w, https:\/\/ekoporty.szczecin.pl\/wp-content\/uploads\/2020\/05\/IMG_6094-2048x1536.jpeg 2048w, https:\/\/ekoporty.szczecin.pl\/wp-content\/uploads\/2020\/05\/IMG_6094-600x450.jpeg 600w, https:\/\/ekoporty.szczecin.pl\/wp-content\/uploads\/2020\/05\/IMG_6094-213x160.jpeg 213w\" sizes=\"auto, (max-width: 660px) 100vw, 660px\" \/><\/a>\n\t\t\t<\/div>\n\t\t\t\t<figcaption class='wp-caption-text gallery-caption' id='gallery-1-25624'>\n\t\t\t\tSkalniaczek w misce ze Szparga\u0142ka.\n\t\t\t\t<\/figcaption><\/figure><figure class='gallery-item'>\n\t\t\t<div class='gallery-icon landscape'>\n\t\t\t\t<a href='https:\/\/ekoporty.szczecin.pl\/?attachment_id=25619'><img loading=\"lazy\" decoding=\"async\" width=\"660\" height=\"495\" src=\"https:\/\/ekoporty.szczecin.pl\/wp-content\/uploads\/2020\/04\/IMG_5799-1024x768.jpeg\" class=\"attachment-large size-large\" alt=\"\" aria-describedby=\"gallery-1-25619\" srcset=\"https:\/\/ekoporty.szczecin.pl\/wp-content\/uploads\/2020\/04\/IMG_5799-1024x768.jpeg 1024w, https:\/\/ekoporty.szczecin.pl\/wp-content\/uploads\/2020\/04\/IMG_5799-300x225.jpeg 300w, https:\/\/ekoporty.szczecin.pl\/wp-content\/uploads\/2020\/04\/IMG_5799-768x576.jpeg 768w, https:\/\/ekoporty.szczecin.pl\/wp-content\/uploads\/2020\/04\/IMG_5799-1536x1152.jpeg 1536w, https:\/\/ekoporty.szczecin.pl\/wp-content\/uploads\/2020\/04\/IMG_5799-2048x1536.jpeg 2048w, https:\/\/ekoporty.szczecin.pl\/wp-content\/uploads\/2020\/04\/IMG_5799-600x450.jpeg 600w, https:\/\/ekoporty.szczecin.pl\/wp-content\/uploads\/2020\/04\/IMG_5799-213x160.jpeg 213w\" sizes=\"auto, (max-width: 660px) 100vw, 660px\" \/><\/a>\n\t\t\t<\/div>\n\t\t\t\t<figcaption class='wp-caption-text gallery-caption' id='gallery-1-25619'>\n\t\t\t\tM\u0142ynek do kawy za 15 punkt\u00f3w. Fajnie wygl\u0105da w kuchni:)\n\t\t\t\t<\/figcaption><\/figure><figure class='gallery-item'>\n\t\t\t<div class='gallery-icon portrait'>\n\t\t\t\t<a href='https:\/\/ekoporty.szczecin.pl\/?attachment_id=25604'><img loading=\"lazy\" decoding=\"async\" width=\"660\" height=\"886\" src=\"https:\/\/ekoporty.szczecin.pl\/wp-content\/uploads\/2020\/04\/IMG_5788.jpg\" class=\"attachment-large size-large\" alt=\"\" aria-describedby=\"gallery-1-25604\" srcset=\"https:\/\/ekoporty.szczecin.pl\/wp-content\/uploads\/2020\/04\/IMG_5788.jpg 720w, https:\/\/ekoporty.szczecin.pl\/wp-content\/uploads\/2020\/04\/IMG_5788-223x300.jpg 223w, https:\/\/ekoporty.szczecin.pl\/wp-content\/uploads\/2020\/04\/IMG_5788-447x600.jpg 447w, https:\/\/ekoporty.szczecin.pl\/wp-content\/uploads\/2020\/04\/IMG_5788-119x160.jpg 119w\" sizes=\"auto, (max-width: 660px) 100vw, 660px\" \/><\/a>\n\t\t\t<\/div>\n\t\t\t\t<figcaption class='wp-caption-text gallery-caption' id='gallery-1-25604'>\n\t\t\t\tCa\u0142e 25 z\u0142otych szcz\u0119\u015bcia. Lubi\u0119 takie okazje!\n\t\t\t\t<\/figcaption><\/figure><figure class='gallery-item'>\n\t\t\t<div class='gallery-icon portrait'>\n\t\t\t\t<a href='https:\/\/ekoporty.szczecin.pl\/?attachment_id=45941'><img loading=\"lazy\" decoding=\"async\" width=\"660\" height=\"880\" src=\"https:\/\/ekoporty.szczecin.pl\/wp-content\/uploads\/2022\/03\/IMG-20220318-WA0006-768x1024.jpg\" class=\"attachment-large size-large\" alt=\"\" aria-describedby=\"gallery-1-45941\" srcset=\"https:\/\/ekoporty.szczecin.pl\/wp-content\/uploads\/2022\/03\/IMG-20220318-WA0006-768x1024.jpg 768w, https:\/\/ekoporty.szczecin.pl\/wp-content\/uploads\/2022\/03\/IMG-20220318-WA0006-225x300.jpg 225w, https:\/\/ekoporty.szczecin.pl\/wp-content\/uploads\/2022\/03\/IMG-20220318-WA0006-1152x1536.jpg 1152w, https:\/\/ekoporty.szczecin.pl\/wp-content\/uploads\/2022\/03\/IMG-20220318-WA0006-450x600.jpg 450w, https:\/\/ekoporty.szczecin.pl\/wp-content\/uploads\/2022\/03\/IMG-20220318-WA0006-120x160.jpg 120w, https:\/\/ekoporty.szczecin.pl\/wp-content\/uploads\/2022\/03\/IMG-20220318-WA0006-280x373.jpg 280w, https:\/\/ekoporty.szczecin.pl\/wp-content\/uploads\/2022\/03\/IMG-20220318-WA0006.jpg 1500w\" sizes=\"auto, (max-width: 660px) 100vw, 660px\" \/><\/a>\n\t\t\t<\/div>\n\t\t\t\t<figcaption class='wp-caption-text gallery-caption' id='gallery-1-45941'>\n\t\t\t\tIdealny zestaw na kaw\u0119.\n\t\t\t\t<\/figcaption><\/figure><figure class='gallery-item'>\n\t\t\t<div class='gallery-icon portrait'>\n\t\t\t\t<a href='https:\/\/ekoporty.szczecin.pl\/?attachment_id=45673'><img loading=\"lazy\" decoding=\"async\" width=\"660\" height=\"880\" src=\"https:\/\/ekoporty.szczecin.pl\/wp-content\/uploads\/2022\/02\/received_335050971882859.jpeg\" class=\"attachment-large size-large\" alt=\"\" aria-describedby=\"gallery-1-45673\" srcset=\"https:\/\/ekoporty.szczecin.pl\/wp-content\/uploads\/2022\/02\/received_335050971882859.jpeg 720w, https:\/\/ekoporty.szczecin.pl\/wp-content\/uploads\/2022\/02\/received_335050971882859-225x300.jpeg 225w, https:\/\/ekoporty.szczecin.pl\/wp-content\/uploads\/2022\/02\/received_335050971882859-450x600.jpeg 450w, https:\/\/ekoporty.szczecin.pl\/wp-content\/uploads\/2022\/02\/received_335050971882859-120x160.jpeg 120w, https:\/\/ekoporty.szczecin.pl\/wp-content\/uploads\/2022\/02\/received_335050971882859-280x373.jpeg 280w\" sizes=\"auto, (max-width: 660px) 100vw, 660px\" \/><\/a>\n\t\t\t<\/div>\n\t\t\t\t<figcaption class='wp-caption-text gallery-caption' id='gallery-1-45673'>\n\t\t\t\tLampion. Po pomalowaniu b\u0119dzie ozdob\u0105 pod schodami..\n\t\t\t\t<\/figcaption><\/figure><figure class='gallery-item'>\n\t\t\t<div class='gallery-icon portrait'>\n\t\t\t\t<a href='https:\/\/ekoporty.szczecin.pl\/?attachment_id=45675'><img loading=\"lazy\" decoding=\"async\" width=\"448\" height=\"940\" src=\"https:\/\/ekoporty.szczecin.pl\/wp-content\/uploads\/2022\/02\/received_1573353746357992.jpeg\" class=\"attachment-large size-large\" alt=\"\" aria-describedby=\"gallery-1-45675\" srcset=\"https:\/\/ekoporty.szczecin.pl\/wp-content\/uploads\/2022\/02\/received_1573353746357992.jpeg 448w, https:\/\/ekoporty.szczecin.pl\/wp-content\/uploads\/2022\/02\/received_1573353746357992-143x300.jpeg 143w, https:\/\/ekoporty.szczecin.pl\/wp-content\/uploads\/2022\/02\/received_1573353746357992-286x600.jpeg 286w, https:\/\/ekoporty.szczecin.pl\/wp-content\/uploads\/2022\/02\/received_1573353746357992-76x160.jpeg 76w, https:\/\/ekoporty.szczecin.pl\/wp-content\/uploads\/2022\/02\/received_1573353746357992-210x440.jpeg 210w\" sizes=\"auto, (max-width: 448px) 100vw, 448px\" \/><\/a>\n\t\t\t<\/div>\n\t\t\t\t<figcaption class='wp-caption-text gallery-caption' id='gallery-1-45675'>\n\t\t\t\tWazon z patykami. Idealnie uzupe\u0142ni\u0142 wystr\u00f3j sypialnii.\n\t\t\t\t<\/figcaption><\/figure><figure class='gallery-item'>\n\t\t\t<div class='gallery-icon portrait'>\n\t\t\t\t<a href='https:\/\/ekoporty.szczecin.pl\/?attachment_id=45948'><img loading=\"lazy\" decoding=\"async\" width=\"660\" height=\"882\" src=\"https:\/\/ekoporty.szczecin.pl\/wp-content\/uploads\/2022\/03\/received_5265006240217922-766x1024.jpeg\" class=\"attachment-large size-large\" alt=\"\" srcset=\"https:\/\/ekoporty.szczecin.pl\/wp-content\/uploads\/2022\/03\/received_5265006240217922-766x1024.jpeg 766w, https:\/\/ekoporty.szczecin.pl\/wp-content\/uploads\/2022\/03\/received_5265006240217922-224x300.jpeg 224w, https:\/\/ekoporty.szczecin.pl\/wp-content\/uploads\/2022\/03\/received_5265006240217922-768x1027.jpeg 768w, https:\/\/ekoporty.szczecin.pl\/wp-content\/uploads\/2022\/03\/received_5265006240217922-1149x1536.jpeg 1149w, https:\/\/ekoporty.szczecin.pl\/wp-content\/uploads\/2022\/03\/received_5265006240217922-449x600.jpeg 449w, https:\/\/ekoporty.szczecin.pl\/wp-content\/uploads\/2022\/03\/received_5265006240217922-120x160.jpeg 120w, https:\/\/ekoporty.szczecin.pl\/wp-content\/uploads\/2022\/03\/received_5265006240217922-280x374.jpeg 280w, https:\/\/ekoporty.szczecin.pl\/wp-content\/uploads\/2022\/03\/received_5265006240217922.jpeg 1532w\" sizes=\"auto, (max-width: 660px) 100vw, 660px\" \/><\/a>\n\t\t\t<\/div><\/figure><figure class='gallery-item'>\n\t\t\t<div class='gallery-icon landscape'>\n\t\t\t\t<a href='https:\/\/ekoporty.szczecin.pl\/?attachment_id=25618'><img loading=\"lazy\" decoding=\"async\" width=\"660\" height=\"495\" src=\"https:\/\/ekoporty.szczecin.pl\/wp-content\/uploads\/2020\/04\/IMG_20200427_184423-1024x768.jpg\" class=\"attachment-large size-large\" alt=\"\" aria-describedby=\"gallery-1-25618\" srcset=\"https:\/\/ekoporty.szczecin.pl\/wp-content\/uploads\/2020\/04\/IMG_20200427_184423-1024x768.jpg 1024w, https:\/\/ekoporty.szczecin.pl\/wp-content\/uploads\/2020\/04\/IMG_20200427_184423-300x225.jpg 300w, https:\/\/ekoporty.szczecin.pl\/wp-content\/uploads\/2020\/04\/IMG_20200427_184423-768x576.jpg 768w, https:\/\/ekoporty.szczecin.pl\/wp-content\/uploads\/2020\/04\/IMG_20200427_184423-1536x1152.jpg 1536w, https:\/\/ekoporty.szczecin.pl\/wp-content\/uploads\/2020\/04\/IMG_20200427_184423-2048x1536.jpg 2048w, https:\/\/ekoporty.szczecin.pl\/wp-content\/uploads\/2020\/04\/IMG_20200427_184423-600x450.jpg 600w, https:\/\/ekoporty.szczecin.pl\/wp-content\/uploads\/2020\/04\/IMG_20200427_184423-213x160.jpg 213w\" sizes=\"auto, (max-width: 660px) 100vw, 660px\" \/><\/a>\n\t\t\t<\/div>\n\t\t\t\t<figcaption class='wp-caption-text gallery-caption' id='gallery-1-25618'>\n\t\t\t\tObrazek ze &#8222;Szparga\u0142ka&#8221;\n\t\t\t\t<\/figcaption><\/figure><figure class='gallery-item'>\n\t\t\t<div class='gallery-icon portrait'>\n\t\t\t\t<a href='https:\/\/ekoporty.szczecin.pl\/?attachment_id=45674'><img loading=\"lazy\" decoding=\"async\" width=\"448\" height=\"940\" src=\"https:\/\/ekoporty.szczecin.pl\/wp-content\/uploads\/2022\/02\/received_1406356569804673.jpeg\" class=\"attachment-large size-large\" alt=\"\" aria-describedby=\"gallery-1-45674\" srcset=\"https:\/\/ekoporty.szczecin.pl\/wp-content\/uploads\/2022\/02\/received_1406356569804673.jpeg 448w, https:\/\/ekoporty.szczecin.pl\/wp-content\/uploads\/2022\/02\/received_1406356569804673-143x300.jpeg 143w, https:\/\/ekoporty.szczecin.pl\/wp-content\/uploads\/2022\/02\/received_1406356569804673-286x600.jpeg 286w, https:\/\/ekoporty.szczecin.pl\/wp-content\/uploads\/2022\/02\/received_1406356569804673-76x160.jpeg 76w, https:\/\/ekoporty.szczecin.pl\/wp-content\/uploads\/2022\/02\/received_1406356569804673-210x440.jpeg 210w\" sizes=\"auto, (max-width: 448px) 100vw, 448px\" \/><\/a>\n\t\t\t<\/div>\n\t\t\t\t<figcaption class='wp-caption-text gallery-caption' id='gallery-1-45674'>\n\t\t\t\tStylowy zegar, swoje miejsce znalaz\u0142 na tarasie.\n\t\t\t\t<\/figcaption><\/figure><figure class='gallery-item'>\n\t\t\t<div class='gallery-icon portrait'>\n\t\t\t\t<a href='https:\/\/ekoporty.szczecin.pl\/?attachment_id=45945'><img loading=\"lazy\" decoding=\"async\" width=\"660\" height=\"880\" src=\"https:\/\/ekoporty.szczecin.pl\/wp-content\/uploads\/2022\/03\/IMG-20220318-WA0011-768x1024.jpg\" class=\"attachment-large size-large\" alt=\"\" aria-describedby=\"gallery-1-45945\" srcset=\"https:\/\/ekoporty.szczecin.pl\/wp-content\/uploads\/2022\/03\/IMG-20220318-WA0011-768x1024.jpg 768w, https:\/\/ekoporty.szczecin.pl\/wp-content\/uploads\/2022\/03\/IMG-20220318-WA0011-225x300.jpg 225w, https:\/\/ekoporty.szczecin.pl\/wp-content\/uploads\/2022\/03\/IMG-20220318-WA0011-1152x1536.jpg 1152w, https:\/\/ekoporty.szczecin.pl\/wp-content\/uploads\/2022\/03\/IMG-20220318-WA0011-450x600.jpg 450w, https:\/\/ekoporty.szczecin.pl\/wp-content\/uploads\/2022\/03\/IMG-20220318-WA0011-120x160.jpg 120w, https:\/\/ekoporty.szczecin.pl\/wp-content\/uploads\/2022\/03\/IMG-20220318-WA0011-280x373.jpg 280w, https:\/\/ekoporty.szczecin.pl\/wp-content\/uploads\/2022\/03\/IMG-20220318-WA0011.jpg 1500w\" sizes=\"auto, (max-width: 660px) 100vw, 660px\" \/><\/a>\n\t\t\t<\/div>\n\t\t\t\t<figcaption class='wp-caption-text gallery-caption' id='gallery-1-45945'>\n\t\t\t\tFantastyczna cukiernica z dodatkami.\n\t\t\t\t<\/figcaption><\/figure><figure class='gallery-item'>\n\t\t\t<div class='gallery-icon landscape'>\n\t\t\t\t<a href='https:\/\/ekoporty.szczecin.pl\/?attachment_id=46096'><img loading=\"lazy\" decoding=\"async\" width=\"660\" height=\"495\" src=\"https:\/\/ekoporty.szczecin.pl\/wp-content\/uploads\/2022\/05\/FB_IMG_1651246611166-1024x768.jpg\" class=\"attachment-large size-large\" alt=\"\" srcset=\"https:\/\/ekoporty.szczecin.pl\/wp-content\/uploads\/2022\/05\/FB_IMG_1651246611166-1024x768.jpg 1024w, https:\/\/ekoporty.szczecin.pl\/wp-content\/uploads\/2022\/05\/FB_IMG_1651246611166-300x225.jpg 300w, https:\/\/ekoporty.szczecin.pl\/wp-content\/uploads\/2022\/05\/FB_IMG_1651246611166-768x576.jpg 768w, https:\/\/ekoporty.szczecin.pl\/wp-content\/uploads\/2022\/05\/FB_IMG_1651246611166-600x450.jpg 600w, https:\/\/ekoporty.szczecin.pl\/wp-content\/uploads\/2022\/05\/FB_IMG_1651246611166-213x160.jpg 213w, https:\/\/ekoporty.szczecin.pl\/wp-content\/uploads\/2022\/05\/FB_IMG_1651246611166-280x210.jpg 280w, https:\/\/ekoporty.szczecin.pl\/wp-content\/uploads\/2022\/05\/FB_IMG_1651246611166.jpg 1080w\" sizes=\"auto, (max-width: 660px) 100vw, 660px\" \/><\/a>\n\t\t\t<\/div><\/figure><figure class='gallery-item'>\n\t\t\t<div class='gallery-icon portrait'>\n\t\t\t\t<a href='https:\/\/ekoporty.szczecin.pl\/?attachment_id=45940'><img loading=\"lazy\" decoding=\"async\" width=\"660\" height=\"880\" src=\"https:\/\/ekoporty.szczecin.pl\/wp-content\/uploads\/2022\/03\/IMG-20220318-WA0001-768x1024.jpg\" class=\"attachment-large size-large\" alt=\"\" aria-describedby=\"gallery-1-45940\" srcset=\"https:\/\/ekoporty.szczecin.pl\/wp-content\/uploads\/2022\/03\/IMG-20220318-WA0001-768x1024.jpg 768w, https:\/\/ekoporty.szczecin.pl\/wp-content\/uploads\/2022\/03\/IMG-20220318-WA0001-225x300.jpg 225w, https:\/\/ekoporty.szczecin.pl\/wp-content\/uploads\/2022\/03\/IMG-20220318-WA0001-1152x1536.jpg 1152w, https:\/\/ekoporty.szczecin.pl\/wp-content\/uploads\/2022\/03\/IMG-20220318-WA0001-450x600.jpg 450w, https:\/\/ekoporty.szczecin.pl\/wp-content\/uploads\/2022\/03\/IMG-20220318-WA0001-120x160.jpg 120w, https:\/\/ekoporty.szczecin.pl\/wp-content\/uploads\/2022\/03\/IMG-20220318-WA0001-280x373.jpg 280w, https:\/\/ekoporty.szczecin.pl\/wp-content\/uploads\/2022\/03\/IMG-20220318-WA0001.jpg 1500w\" sizes=\"auto, (max-width: 660px) 100vw, 660px\" \/><\/a>\n\t\t\t<\/div>\n\t\t\t\t<figcaption class='wp-caption-text gallery-caption' id='gallery-1-45940'>\n\t\t\t\tToaletka i bi\u017cuteria.\n\t\t\t\t<\/figcaption><\/figure><figure class='gallery-item'>\n\t\t\t<div class='gallery-icon portrait'>\n\t\t\t\t<a href='https:\/\/ekoporty.szczecin.pl\/?attachment_id=45676'><img loading=\"lazy\" decoding=\"async\" width=\"660\" height=\"880\" src=\"https:\/\/ekoporty.szczecin.pl\/wp-content\/uploads\/2022\/02\/received_4952421718156133.jpeg\" class=\"attachment-large size-large\" alt=\"\" aria-describedby=\"gallery-1-45676\" srcset=\"https:\/\/ekoporty.szczecin.pl\/wp-content\/uploads\/2022\/02\/received_4952421718156133.jpeg 720w, https:\/\/ekoporty.szczecin.pl\/wp-content\/uploads\/2022\/02\/received_4952421718156133-225x300.jpeg 225w, https:\/\/ekoporty.szczecin.pl\/wp-content\/uploads\/2022\/02\/received_4952421718156133-450x600.jpeg 450w, https:\/\/ekoporty.szczecin.pl\/wp-content\/uploads\/2022\/02\/received_4952421718156133-120x160.jpeg 120w, https:\/\/ekoporty.szczecin.pl\/wp-content\/uploads\/2022\/02\/received_4952421718156133-280x373.jpeg 280w\" sizes=\"auto, (max-width: 660px) 100vw, 660px\" \/><\/a>\n\t\t\t<\/div>\n\t\t\t\t<figcaption class='wp-caption-text gallery-caption' id='gallery-1-45676'>\n\t\t\t\tSzparga\u0142kowe lampiony miejsce znajd\u0105 w ogrodzie\n\t\t\t\t<\/figcaption><\/figure><figure class='gallery-item'>\n\t\t\t<div class='gallery-icon portrait'>\n\t\t\t\t<a href='https:\/\/ekoporty.szczecin.pl\/?attachment_id=45718'><img loading=\"lazy\" decoding=\"async\" width=\"660\" height=\"880\" src=\"https:\/\/ekoporty.szczecin.pl\/wp-content\/uploads\/2022\/03\/deska-768x1024.jpg\" class=\"attachment-large size-large\" alt=\"\" aria-describedby=\"gallery-1-45718\" srcset=\"https:\/\/ekoporty.szczecin.pl\/wp-content\/uploads\/2022\/03\/deska-768x1024.jpg 768w, https:\/\/ekoporty.szczecin.pl\/wp-content\/uploads\/2022\/03\/deska-225x300.jpg 225w, https:\/\/ekoporty.szczecin.pl\/wp-content\/uploads\/2022\/03\/deska-1152x1536.jpg 1152w, https:\/\/ekoporty.szczecin.pl\/wp-content\/uploads\/2022\/03\/deska-450x600.jpg 450w, https:\/\/ekoporty.szczecin.pl\/wp-content\/uploads\/2022\/03\/deska-120x160.jpg 120w, https:\/\/ekoporty.szczecin.pl\/wp-content\/uploads\/2022\/03\/deska-280x373.jpg 280w, https:\/\/ekoporty.szczecin.pl\/wp-content\/uploads\/2022\/03\/deska.jpg 1500w\" sizes=\"auto, (max-width: 660px) 100vw, 660px\" \/><\/a>\n\t\t\t<\/div>\n\t\t\t\t<figcaption class='wp-caption-text gallery-caption' id='gallery-1-45718'>\n\t\t\t\tFantastyczna deska do prasowania. 25 punkt\u00f3w. Przedmiot tak wyj\u0105tkowy \u017ce nawet ci\u0119\u017cko co\u015b podobnego wyszuka\u0107 w Internecie. Dos\u0142ownie efekt WOW! \n\t\t\t\t<\/figcaption><\/figure><figure class='gallery-item'>\n\t\t\t<div class='gallery-icon portrait'>\n\t\t\t\t<a href='https:\/\/ekoporty.szczecin.pl\/?attachment_id=25594'><img loading=\"lazy\" decoding=\"async\" width=\"660\" height=\"880\" src=\"https:\/\/ekoporty.szczecin.pl\/wp-content\/uploads\/2020\/04\/IMG_5491.jpeg\" class=\"attachment-large size-large\" alt=\"\" aria-describedby=\"gallery-1-25594\" srcset=\"https:\/\/ekoporty.szczecin.pl\/wp-content\/uploads\/2020\/04\/IMG_5491.jpeg 768w, https:\/\/ekoporty.szczecin.pl\/wp-content\/uploads\/2020\/04\/IMG_5491-225x300.jpeg 225w, https:\/\/ekoporty.szczecin.pl\/wp-content\/uploads\/2020\/04\/IMG_5491-450x600.jpeg 450w, https:\/\/ekoporty.szczecin.pl\/wp-content\/uploads\/2020\/04\/IMG_5491-120x160.jpeg 120w\" sizes=\"auto, (max-width: 660px) 100vw, 660px\" \/><\/a>\n\t\t\t<\/div>\n\t\t\t\t<figcaption class='wp-caption-text gallery-caption' id='gallery-1-25594'>\n\t\t\t\tEncyklopedia wydawnictwo Kurpisz. Zawsze chcia\u0142am mie\u0107 ale nie by\u0142o mnie sta\u0107. Teraz mam \ud83d\ude42. Galeria Szparga\u0142ek, to takie super miejsce, kt\u00f3re pomaga zrealizowa\u0107 marzenia. Obdarowanym i darczy\u0144com, rewelacja !\n\t\t\t\t<\/figcaption><\/figure>\n\t\t<\/div>\n\r\n<div class=\"_df_book df-lite\" id=\"df_45973\"  _slug=\"drugie-zycie-zakonczenie\" data-title=\"drugie-zycie-zakonczenie\" wpoptions=\"true\" thumbtype=\"\" ><\/div><script class=\"df-shortcode-script\" nowprocket type=\"application\/javascript\">window.option_df_45973 = {\"outline\":[],\"autoEnableOutline\":\"false\",\"autoEnableThumbnail\":\"false\",\"overwritePDFOutline\":\"false\",\"direction\":\"1\",\"pageSize\":\"0\",\"soundEnable\":\"false\",\"source\":\"http:\\\/\\\/ekoporty.szczecin.pl\\\/wp-content\\\/uploads\\\/2022\\\/02\\\/PRZEDMIOTY-Z-GALERII.pdf\",\"wpOptions\":\"true\"}; if(window.DFLIP && window.DFLIP.parseBooks){window.DFLIP.parseBooks();}<\/script>","protected":false},"excerpt":{"rendered":"<p>Odzyskane &#8211; Pokochane #2 Metamorfozy i dekoracje z Galeri\u0105 Szparga\u0142ek: Bo\u017ce Narodzenie z Galeri\u0105 Szparga\u0142ek: &nbsp; &nbsp;<\/p>\n","protected":false},"author":7,"featured_media":0,"parent":0,"menu_order":0,"comment_status":"closed","ping_status":"closed","template":"","meta":{"footnotes":""},"class_list":["post-25601","page","type-page","status-publish","hentry"],"yoast_head":"<!-- This site is optimized with the Yoast SEO plugin v27.5 - https:\/\/yoast.com\/product\/yoast-seo-wordpress\/ -->\n<title>Drugie \u017cycie naszych przedmiot\u00f3w &#171; EKOPORTY SZCZECIN<\/title>\n<meta name=\"robots\" content=\"index, follow, max-snippet:-1, max-image-preview:large, max-video-preview:-1\" \/>\n<link rel=\"canonical\" href=\"https:\/\/ekoporty.szczecin.pl\/?page_id=25601\" \/>\n<meta property=\"og:locale\" content=\"pl_PL\" \/>\n<meta property=\"og:type\" content=\"article\" \/>\n<meta property=\"og:title\" content=\"Drugie \u017cycie naszych przedmiot\u00f3w &#171; EKOPORTY SZCZECIN\" \/>\n<meta property=\"og:description\" content=\"Odzyskane &#8211; Pokochane #2 Metamorfozy i dekoracje z Galeri\u0105 Szparga\u0142ek: Bo\u017ce Narodzenie z Galeri\u0105 Szparga\u0142ek: &nbsp; &nbsp;\" \/>\n<meta property=\"og:url\" content=\"https:\/\/ekoporty.szczecin.pl\/?page_id=25601\" \/>\n<meta property=\"og:site_name\" content=\"EKOPORTY SZCZECIN\" \/>\n<meta property=\"article:modified_time\" content=\"2025-11-12T11:21:09+00:00\" \/>\n<meta property=\"og:image\" content=\"https:\/\/ekoporty.szczecin.pl\/wp-content\/uploads\/2022\/03\/IMG-20220318-WA0011-768x1024.jpg\" \/>\n<meta name=\"twitter:card\" content=\"summary_large_image\" \/>\n<meta name=\"twitter:label1\" content=\"Szacowany czas czytania\" \/>\n\t<meta name=\"twitter:data1\" content=\"1 minuta\" \/>\n<script type=\"application\/ld+json\" class=\"yoast-schema-graph\">{\"@context\":\"https:\\\/\\\/schema.org\",\"@graph\":[{\"@type\":\"WebPage\",\"@id\":\"https:\\\/\\\/ekoporty.szczecin.pl\\\/?page_id=25601\",\"url\":\"https:\\\/\\\/ekoporty.szczecin.pl\\\/?page_id=25601\",\"name\":\"Drugie \u017cycie naszych przedmiot\u00f3w &#171; EKOPORTY SZCZECIN\",\"isPartOf\":{\"@id\":\"https:\\\/\\\/ekoporty.szczecin.pl\\\/#website\"},\"datePublished\":\"2020-04-22T08:54:31+00:00\",\"dateModified\":\"2025-11-12T11:21:09+00:00\",\"breadcrumb\":{\"@id\":\"https:\\\/\\\/ekoporty.szczecin.pl\\\/?page_id=25601#breadcrumb\"},\"inLanguage\":\"pl-PL\",\"potentialAction\":[{\"@type\":\"ReadAction\",\"target\":[\"https:\\\/\\\/ekoporty.szczecin.pl\\\/?page_id=25601\"]}]},{\"@type\":\"BreadcrumbList\",\"@id\":\"https:\\\/\\\/ekoporty.szczecin.pl\\\/?page_id=25601#breadcrumb\",\"itemListElement\":[{\"@type\":\"ListItem\",\"position\":1,\"name\":\"Strona g\u0142\u00f3wna\",\"item\":\"https:\\\/\\\/ekoporty.szczecin.pl\\\/\"},{\"@type\":\"ListItem\",\"position\":2,\"name\":\"Drugie \u017cycie naszych przedmiot\u00f3w\"}]},{\"@type\":\"WebSite\",\"@id\":\"https:\\\/\\\/ekoporty.szczecin.pl\\\/#website\",\"url\":\"https:\\\/\\\/ekoporty.szczecin.pl\\\/\",\"name\":\"Ekoporty\",\"description\":\"ZUK Szczecin - Punkty Selektywnej Zbi\u00f3rki Odpad\u00f3w Komunalnych - Zapraszamy\",\"publisher\":{\"@id\":\"https:\\\/\\\/ekoporty.szczecin.pl\\\/#organization\"},\"potentialAction\":[{\"@type\":\"SearchAction\",\"target\":{\"@type\":\"EntryPoint\",\"urlTemplate\":\"https:\\\/\\\/ekoporty.szczecin.pl\\\/?s={search_term_string}\"},\"query-input\":{\"@type\":\"PropertyValueSpecification\",\"valueRequired\":true,\"valueName\":\"search_term_string\"}}],\"inLanguage\":\"pl-PL\"},{\"@type\":\"Organization\",\"@id\":\"https:\\\/\\\/ekoporty.szczecin.pl\\\/#organization\",\"name\":\"Zak\u0142ad Us\u0142ug Komunalnych Szczecin\",\"url\":\"https:\\\/\\\/ekoporty.szczecin.pl\\\/\",\"logo\":{\"@type\":\"ImageObject\",\"inLanguage\":\"pl-PL\",\"@id\":\"https:\\\/\\\/ekoporty.szczecin.pl\\\/#\\\/schema\\\/logo\\\/image\\\/\",\"url\":\"http:\\\/\\\/ekoporty.szczecin.pl\\\/wp-content\\\/uploads\\\/2018\\\/03\\\/logo5.jpg\",\"contentUrl\":\"http:\\\/\\\/ekoporty.szczecin.pl\\\/wp-content\\\/uploads\\\/2018\\\/03\\\/logo5.jpg\",\"width\":260,\"height\":66,\"caption\":\"Zak\u0142ad Us\u0142ug Komunalnych Szczecin\"},\"image\":{\"@id\":\"https:\\\/\\\/ekoporty.szczecin.pl\\\/#\\\/schema\\\/logo\\\/image\\\/\"}}]}<\/script>\n<!-- \/ Yoast SEO plugin. -->","yoast_head_json":{"title":"Drugie \u017cycie naszych przedmiot\u00f3w &#171; EKOPORTY SZCZECIN","robots":{"index":"index","follow":"follow","max-snippet":"max-snippet:-1","max-image-preview":"max-image-preview:large","max-video-preview":"max-video-preview:-1"},"canonical":"https:\/\/ekoporty.szczecin.pl\/?page_id=25601","og_locale":"pl_PL","og_type":"article","og_title":"Drugie \u017cycie naszych przedmiot\u00f3w &#171; EKOPORTY SZCZECIN","og_description":"Odzyskane &#8211; Pokochane #2 Metamorfozy i dekoracje z Galeri\u0105 Szparga\u0142ek: Bo\u017ce Narodzenie z Galeri\u0105 Szparga\u0142ek: &nbsp; &nbsp;","og_url":"https:\/\/ekoporty.szczecin.pl\/?page_id=25601","og_site_name":"EKOPORTY SZCZECIN","article_modified_time":"2025-11-12T11:21:09+00:00","og_image":[{"url":"https:\/\/ekoporty.szczecin.pl\/wp-content\/uploads\/2022\/03\/IMG-20220318-WA0011-768x1024.jpg","type":"","width":"","height":""}],"twitter_card":"summary_large_image","twitter_misc":{"Szacowany czas czytania":"1 minuta"},"schema":{"@context":"https:\/\/schema.org","@graph":[{"@type":"WebPage","@id":"https:\/\/ekoporty.szczecin.pl\/?page_id=25601","url":"https:\/\/ekoporty.szczecin.pl\/?page_id=25601","name":"Drugie \u017cycie naszych przedmiot\u00f3w &#171; EKOPORTY SZCZECIN","isPartOf":{"@id":"https:\/\/ekoporty.szczecin.pl\/#website"},"datePublished":"2020-04-22T08:54:31+00:00","dateModified":"2025-11-12T11:21:09+00:00","breadcrumb":{"@id":"https:\/\/ekoporty.szczecin.pl\/?page_id=25601#breadcrumb"},"inLanguage":"pl-PL","potentialAction":[{"@type":"ReadAction","target":["https:\/\/ekoporty.szczecin.pl\/?page_id=25601"]}]},{"@type":"BreadcrumbList","@id":"https:\/\/ekoporty.szczecin.pl\/?page_id=25601#breadcrumb","itemListElement":[{"@type":"ListItem","position":1,"name":"Strona g\u0142\u00f3wna","item":"https:\/\/ekoporty.szczecin.pl\/"},{"@type":"ListItem","position":2,"name":"Drugie \u017cycie naszych przedmiot\u00f3w"}]},{"@type":"WebSite","@id":"https:\/\/ekoporty.szczecin.pl\/#website","url":"https:\/\/ekoporty.szczecin.pl\/","name":"Ekoporty","description":"ZUK Szczecin - Punkty Selektywnej Zbi\u00f3rki Odpad\u00f3w Komunalnych - Zapraszamy","publisher":{"@id":"https:\/\/ekoporty.szczecin.pl\/#organization"},"potentialAction":[{"@type":"SearchAction","target":{"@type":"EntryPoint","urlTemplate":"https:\/\/ekoporty.szczecin.pl\/?s={search_term_string}"},"query-input":{"@type":"PropertyValueSpecification","valueRequired":true,"valueName":"search_term_string"}}],"inLanguage":"pl-PL"},{"@type":"Organization","@id":"https:\/\/ekoporty.szczecin.pl\/#organization","name":"Zak\u0142ad Us\u0142ug Komunalnych Szczecin","url":"https:\/\/ekoporty.szczecin.pl\/","logo":{"@type":"ImageObject","inLanguage":"pl-PL","@id":"https:\/\/ekoporty.szczecin.pl\/#\/schema\/logo\/image\/","url":"http:\/\/ekoporty.szczecin.pl\/wp-content\/uploads\/2018\/03\/logo5.jpg","contentUrl":"http:\/\/ekoporty.szczecin.pl\/wp-content\/uploads\/2018\/03\/logo5.jpg","width":260,"height":66,"caption":"Zak\u0142ad Us\u0142ug Komunalnych Szczecin"},"image":{"@id":"https:\/\/ekoporty.szczecin.pl\/#\/schema\/logo\/image\/"}}]}},"jetpack_sharing_enabled":true,"jetpack_shortlink":"https:\/\/wp.me\/P8ZWwp-6EV","_links":{"self":[{"href":"https:\/\/ekoporty.szczecin.pl\/index.php?rest_route=\/wp\/v2\/pages\/25601","targetHints":{"allow":["GET"]}}],"collection":[{"href":"https:\/\/ekoporty.szczecin.pl\/index.php?rest_route=\/wp\/v2\/pages"}],"about":[{"href":"https:\/\/ekoporty.szczecin.pl\/index.php?rest_route=\/wp\/v2\/types\/page"}],"author":[{"embeddable":true,"href":"https:\/\/ekoporty.szczecin.pl\/index.php?rest_route=\/wp\/v2\/users\/7"}],"replies":[{"embeddable":true,"href":"https:\/\/ekoporty.szczecin.pl\/index.php?rest_route=%2Fwp%2Fv2%2Fcomments&post=25601"}],"version-history":[{"count":15,"href":"https:\/\/ekoporty.szczecin.pl\/index.php?rest_route=\/wp\/v2\/pages\/25601\/revisions"}],"predecessor-version":[{"id":47576,"href":"https:\/\/ekoporty.szczecin.pl\/index.php?rest_route=\/wp\/v2\/pages\/25601\/revisions\/47576"}],"wp:attachment":[{"href":"https:\/\/ekoporty.szczecin.pl\/index.php?rest_route=%2Fwp%2Fv2%2Fmedia&parent=25601"}],"curies":[{"name":"wp","href":"https:\/\/api.w.org\/{rel}","templated":true}]}}