{"id":38,"date":"2017-07-19T10:18:41","date_gmt":"2017-07-19T08:18:41","guid":{"rendered":"http:\/\/portal-ekoporty.szczecin.pl\/?page_id=38"},"modified":"2017-07-28T13:50:53","modified_gmt":"2017-07-28T11:50:53","slug":"faq","status":"publish","type":"page","link":"https:\/\/ekoporty.szczecin.pl\/?page_id=38","title":{"rendered":"Najcz\u0119\u015bciej zadawane pytania"},"content":{"rendered":"<p>[ebs_toggles]<br \/>\n[ebs_toggle title=&#8221;<b>PSZOK -Ekoport<\/b> \u2013co to jest?&#8221; icon=&#8221;fa-comment&#8221; icontype=&#8221;fa&#8221; iconcolor=&#8221;#94c259&#8243;]<\/p>\n<p><b>Punkt Selektywnego Zbierania Odpad\u00f3w Komunalnych<\/b> (PSZOK), czyli jest to punk zbierania <b>ju\u017c wyselekcjonowanych<\/b> odpad\u00f3w komunalnych, kt\u00f3re we w\u0142asnym zakresie mieszka\u0144cy dostarczaj\u0105 do Ekoportu. Do zbierania przywiezionych odpad\u00f3w przeznaczone s\u0105 specjalistyczne pojemniki lub magazyny znajduj\u0105ce si\u0119 na punkcie. Ekoporty z za\u0142o\u017cenia s\u0105 punktami samoobs\u0142ugowymi, ale ze wzgl\u0119du na ilo\u015b\u0107 frakcji i rodzaju ich magazynowania, zaleca si\u0119 korzystanie z informacji i pomocy pracownik\u00f3w znajduj\u0105cych si\u0119 na Ekoporcie. Wszystkie odpady kt\u00f3re tutaj si\u0119 zostawia s\u0105 przyjmowane nieodp\u0142atnie<\/p>\n<p>[\/ebs_toggle]<br \/>\n[ebs_toggle title=&#8221;<b>Czy mo\u017cna przywozi\u0107 odpady zielone z Rodzinnych Ogrod\u00f3w Dzia\u0142kowych?<\/b>&#8221; icon=&#8221;fa-comment&#8221; icontype=&#8221;fa&#8221; iconcolor=&#8221;#94c259&#8243;]<\/p>\n<p>&nbsp;<\/p>\n<p>Nie mo\u017cna przywozi\u0107 odpad\u00f3w z Ogrod\u00f3w dzia\u0142kowych zrzeszonych w ROD, gdy\u017c ogrody dzia\u0142kowe nie zaliczaj\u0105 si\u0119 do gminnego systemu gospodarowania odpad\u00f3w komunalnych. System obejmuje wy\u0142\u0105cznie strumie\u0144 odpad\u00f3w komunalnych wytworzonych w gospodarstwach domowych, za kt\u00f3re mieszka\u0144cy p\u0142ac\u0105 tzw.\u00a0 op\u0142at\u0119 \u015bmieciow\u0105 .<\/p>\n<p>[\/ebs_toggle]<br \/>\n[ebs_toggle title=&#8221;<b>Kupiona nieruchomo\u015b\u0107 do zamieszkania po poprzednim w\u0142a\u015bcicielu jest pe\u0142na odpad\u00f3w po produkcji lub\u00a0 us\u0142ugach, gdy\u017c poprzedni w\u0142a\u015bciciel prowadzi\u0142 w niej dzia\u0142alno\u015b\u0107 gospodarcz\u0105. Czy mog\u0119 je dostarczy\u0107 do Ekoportu ?<\/b>&#8221; icon=&#8221;fa-comment&#8221; icontype=&#8221;fa&#8221; iconcolor=&#8221;#94c259&#8243;]<\/p>\n<p>Odpady powsta\u0142e w wyniku prowadzenia dzia\u0142alno\u015bci gospodarczej, bez wzgl\u0119du na to czy jest wygaszona czy nadal funkcjonuje pod danym adresem, nie kwalifikuj\u0105 si\u0119 jako odpady komunalne. Nowy nabywca nieruchomo\u015bci staje si\u0119 wi\u0119c ich w\u0142a\u015bcicielem i musi je unieszkodliwi\u0107 zgodnie z przepisami prawa. Aby odpady zosta\u0142y usuni\u0119te z nieruchomo\u015bci powinien skontaktowa\u0107 si\u0119 z wybran\u0105 przez siebie firm\u0105 komercyjn\u0105 dzia\u0142aj\u0105c\u0105 na naszym rynku, kt\u00f3ra odbierze odpady wed\u0142ug obowi\u0105zuj\u0105cego cennika<\/p>\n<p>[\/ebs_toggle]<br \/>\n[ebs_toggle title=&#8221;<b>Co mam zrobi\u0107 ze styropianem ?<\/b>&#8221; icon=&#8221;fa-comment&#8221; icontype=&#8221;fa&#8221; iconcolor=&#8221;#94c259&#8243;]<\/p>\n<p>Styropian opakowaniowy mo\u017cna wyrzuca\u0107 do pojemnika na odpady zmieszane. W przypadku braku miejsca w pojemniku (poj. 120l domki jednorodzinne), styropian nale\u017cy zapakowa\u0107 w worek, poinformowa\u0107 wydzia\u0142 gospodarki komunalnej urz\u0119du miasta, a oni zorganizuj\u0105 odbi\u00f3r.<\/p>\n<p>Je\u017celi chodzi o styropian budowlany, utylizowa\u0107 go trzeba w firmach zajmuj\u0105cych si\u0119 odbiorem odpad\u00f3w komunalnych i innych odpad\u00f3w od mieszka\u0144c\u00f3w. Jest to us\u0142uga p\u0142atna. Odpady budowlane pochodz\u0105ce z budowy, prac modernistycznych budowli i budynk\u00f3w (np. ocieplanie, wymiana dachu, wykopy etc) nie s\u0105 odpadem komunalnym.<\/p>\n<p>[\/ebs_toggle]<\/p>\n<p>[ebs_toggle title=&#8221;<b>Czy mo\u017cna segregowa\u0107 odpady na Ekoporcie ?<\/b>&#8221; icon=&#8221;fa-comment&#8221; icontype=&#8221;fa&#8221; iconcolor=&#8221;#94c259&#8243;]<\/p>\n<p>Odpady przywozimy ju\u017c posortowane na frakcje, kt\u00f3re chcemy pozostawi\u0107.\u00a0 Ale nie jest to jednoznacznie okre\u015blone jako nakaz .\u00a0 S\u0105\u00a0 Ekoporty wi\u0119ksze np. przy ul. Leszczynowej,\u00a0 gdzie istnieje mo\u017cliwo\u015b\u0107 swobodnego posortowania opad\u00f3w przed ulokowaniem we w\u0142a\u015bciwym pojemniku, ale punkt przy ul. Dworskiej\u00a0 ma ma\u0142\u0105 powierzchni\u0119 manewrow\u0105 dla zmotoryzowanych, a jednocze\u015bnie korzysta z niego bardzo du\u017co os\u00f3b.\u00a0 Sortowanie odpad\u00f3w na obiekcie jest przez to niewskazane, gdy\u017c utrudnia ruch i mo\u017cna zablokowa\u0107 Ekoport.\u00a0 Dla w\u0142asnej wygody i oszcz\u0119dno\u015bci czasu, lepiej jest przygotowa\u0107 odpady w domu.<\/p>\n<p>[\/ebs_toggle]<\/p>\n<p>[ebs_toggle title=&#8221;<b>Zapomnia\u0142em\/ zapomnia\u0142am\u00a0 wystawi\u0107 odpady segregowane pod domem w dniu kiedy s\u0105 odbierane zgodnie z harmonogramem.\u00a0 Czy mog\u0119 je przywie\u017a\u0107 do Ekoportu?<\/b>&#8221; icon=&#8221;fa-comment&#8221; icontype=&#8221;fa&#8221; iconcolor=&#8221;#94c259&#8243;]<\/p>\n<p>Nie.\u00a0 System zbi\u00f3rki na Ekoporcie odbiega od tego,\u00a0 kt\u00f3ry stosowany jest w domach. Na PSZOKu odpady opakowaniowe zbierane s\u0105 rozdzielnie (butelki PET, folia, ba\u0144ki PE, twardy plastik). Nadto, je\u015bli odpady selektywnie zbierane nie zostan\u0105 wystawione nast\u0119pnym razem kiedy odbierane s\u0105\u00a0 odpady selektywnie zbierane, a w\u0142a\u015bciciel posesji zadeklarowa\u0142, \u017ce bierze udzia\u0142 w sortowaniu odpad\u00f3w (za co p\u0142aci pomniejszon\u0105 op\u0142at\u0119), to nie b\u0119dzie w stanie tego wykaza\u0107.<\/p>\n<p>[\/ebs_toggle]<\/p>\n<p>[ebs_toggle title=&#8221;<b>Czy mog\u0119 przywie\u017a\u0107 szyby i lustra do Ekoportu<\/b>&#8221; icon=&#8221;fa-comment&#8221; icontype=&#8221;fa&#8221; iconcolor=&#8221;#94c259&#8243;]<\/p>\n<p>Szyby i lustra, ale tak\u017ce naczynia sto\u0142owe, ceramika, szyby zbrojone, klejone lub samochodowe nie podlegaj\u0105 selektywnemu gromadzeniu.\u00a0 Wystarczy wyrzuci\u0107 je do pojemnika na odpady komunalne zmieszane.\u00a0 Szk\u0142o opakowaniowe\u00a0 podlegaj\u0105ce zbi\u00f3rce ma inny sk\u0142ad chemiczny i inne w\u0142a\u015bciwo\u015bci. Do szk\u0142a opakowaniowego zaliczamy wy\u0142\u0105cznie butelki lub s\u0142oiki.<\/p>\n<p>[\/ebs_toggle]<\/p>\n<p>[ebs_toggle title=&#8221;<b>Azbest. Czy mo\u017cna przywie\u015b\u0107?\u00a0 <\/b>&#8221; icon=&#8221;fa-comment&#8221; icontype=&#8221;fa&#8221; iconcolor=&#8221;#94c259&#8243;]<\/p>\n<p><b>\u00a0<\/b>Ekoporty nie zbieraj\u0105 azbestu, kt\u00f3ry najcz\u0119\u015bciej wyst\u0119puje w postaci pokry\u0107 dachowych, czyli p\u0142yt eternitu.\u00a0 Na terenie Szczecina funkcjonuje program <b>\u201e Szczecin bez azbestu\u201d<\/b> wystarczy skontaktowa\u0107 si\u0119 z Wydzia\u0142em Gospodarki Odpadami i Ochrony \u015arodowiska przy Zak\u0142adzie Us\u0142ug Komunalnych, gdzie zostanie wszcz\u0119ta procedura usuni\u0119cia azbestu, po spe\u0142nieniu okre\u015blonych warunk\u00f3w i z\u0142o\u017ceniu wniosk\u00f3w. Odbi\u00f3r i utylizacja azbestu jest bezp\u0142atna.<\/p>\n<p>[\/ebs_toggle]<\/p>\n<p>[ebs_toggle title=&#8221;<b>Papa. Czy jest przyjmowana?<\/b>&#8221; icon=&#8221;fa-comment&#8221; icontype=&#8221;fa&#8221; iconcolor=&#8221;#94c259&#8243;]<\/p>\n<p>Post\u0119powanie z pap\u0105 jest analogicznym procesem do utylizacji styropianu budowlanego. Wystarczy zam\u00f3wi\u0107 kontener od jednej z firm wywozowych luz dostarczy\u0107 do nich we w\u0142asnym zakresie. Jest to us\u0142uga p\u0142atna.<\/p>\n<p>[\/ebs_toggle]<\/p>\n<p>[ebs_toggle title=&#8221;<b>Stolarka okienna i drzwiowa<\/b>&#8221; icon=&#8221;fa-comment&#8221; icontype=&#8221;fa&#8221; iconcolor=&#8221;#94c259&#8243;]<\/p>\n<p>Wymogiem dostarczenia wymienionych odpad\u00f3w jest usuni\u0119cie z nich szyb i\/lub luster.<\/p>\n<p>[\/ebs_toggle]<br \/>\n[\/ebs_toggles]<\/p>\n","protected":false},"excerpt":{"rendered":"<p>[ebs_toggles] [ebs_toggle title=&#8221;PSZOK -Ekoport \u2013co to jest?&#8221; icon=&#8221;fa-comment&#8221; icontype=&#8221;fa&#8221; iconcolor=&#8221;#94c259&#8243;] Punkt Selektywnego Zbierania Odpad\u00f3w Komunalnych (PSZOK), czyli jest to punk zbierania ju\u017c wyselekcjonowanych odpad\u00f3w komunalnych, kt\u00f3re we w\u0142asnym zakresie mieszka\u0144cy dostarczaj\u0105 do Ekoportu. Do zbierania przywiezionych odpad\u00f3w przeznaczone s\u0105 specjalistyczne pojemniki lub magazyny znajduj\u0105ce si\u0119 na punkcie. Ekoporty z za\u0142o\u017cenia s\u0105 punktami samoobs\u0142ugowymi, ale ze &hellip; <a href=\"https:\/\/ekoporty.szczecin.pl\/?page_id=38\" class=\"more-link\">Czytaj dalej <span class=\"screen-reader-text\">Najcz\u0119\u015bciej zadawane pytania<\/span><\/a><\/p>\n","protected":false},"author":1,"featured_media":0,"parent":0,"menu_order":0,"comment_status":"closed","ping_status":"closed","template":"page-fullwidth.php","meta":{"footnotes":""},"class_list":["post-38","page","type-page","status-publish","hentry"],"yoast_head":"<!-- This site is optimized with the Yoast SEO plugin v27.5 - https:\/\/yoast.com\/product\/yoast-seo-wordpress\/ -->\n<title>Najcz\u0119\u015bciej zadawane pytania &#171; EKOPORTY SZCZECIN<\/title>\n<meta name=\"robots\" content=\"index, follow, max-snippet:-1, max-image-preview:large, max-video-preview:-1\" \/>\n<link rel=\"canonical\" href=\"https:\/\/ekoporty.szczecin.pl\/?page_id=38\" \/>\n<meta property=\"og:locale\" content=\"pl_PL\" \/>\n<meta property=\"og:type\" content=\"article\" \/>\n<meta property=\"og:title\" content=\"Najcz\u0119\u015bciej zadawane pytania &#171; EKOPORTY SZCZECIN\" \/>\n<meta property=\"og:description\" content=\"[ebs_toggles] [ebs_toggle title=&#8221;PSZOK -Ekoport \u2013co to jest?&#8221; icon=&#8221;fa-comment&#8221; icontype=&#8221;fa&#8221; iconcolor=&#8221;#94c259&#8243;] Punkt Selektywnego Zbierania Odpad\u00f3w Komunalnych (PSZOK), czyli jest to punk zbierania ju\u017c wyselekcjonowanych odpad\u00f3w komunalnych, kt\u00f3re we w\u0142asnym zakresie mieszka\u0144cy dostarczaj\u0105 do Ekoportu. Do zbierania przywiezionych odpad\u00f3w przeznaczone s\u0105 specjalistyczne pojemniki lub magazyny znajduj\u0105ce si\u0119 na punkcie. Ekoporty z za\u0142o\u017cenia s\u0105 punktami samoobs\u0142ugowymi, ale ze &hellip; Czytaj dalej Najcz\u0119\u015bciej zadawane pytania\" \/>\n<meta property=\"og:url\" content=\"https:\/\/ekoporty.szczecin.pl\/?page_id=38\" \/>\n<meta property=\"og:site_name\" content=\"EKOPORTY SZCZECIN\" \/>\n<meta property=\"article:modified_time\" content=\"2017-07-28T11:50:53+00:00\" \/>\n<meta name=\"twitter:card\" content=\"summary_large_image\" \/>\n<meta name=\"twitter:label1\" content=\"Szacowany czas czytania\" \/>\n\t<meta name=\"twitter:data1\" content=\"4 minuty\" \/>\n<script type=\"application\/ld+json\" class=\"yoast-schema-graph\">{\"@context\":\"https:\\\/\\\/schema.org\",\"@graph\":[{\"@type\":\"WebPage\",\"@id\":\"https:\\\/\\\/ekoporty.szczecin.pl\\\/?page_id=38\",\"url\":\"https:\\\/\\\/ekoporty.szczecin.pl\\\/?page_id=38\",\"name\":\"Najcz\u0119\u015bciej zadawane pytania &#171; EKOPORTY SZCZECIN\",\"isPartOf\":{\"@id\":\"https:\\\/\\\/ekoporty.szczecin.pl\\\/#website\"},\"datePublished\":\"2017-07-19T08:18:41+00:00\",\"dateModified\":\"2017-07-28T11:50:53+00:00\",\"breadcrumb\":{\"@id\":\"https:\\\/\\\/ekoporty.szczecin.pl\\\/?page_id=38#breadcrumb\"},\"inLanguage\":\"pl-PL\",\"potentialAction\":[{\"@type\":\"ReadAction\",\"target\":[\"https:\\\/\\\/ekoporty.szczecin.pl\\\/?page_id=38\"]}]},{\"@type\":\"BreadcrumbList\",\"@id\":\"https:\\\/\\\/ekoporty.szczecin.pl\\\/?page_id=38#breadcrumb\",\"itemListElement\":[{\"@type\":\"ListItem\",\"position\":1,\"name\":\"Strona g\u0142\u00f3wna\",\"item\":\"https:\\\/\\\/ekoporty.szczecin.pl\\\/\"},{\"@type\":\"ListItem\",\"position\":2,\"name\":\"Najcz\u0119\u015bciej zadawane pytania\"}]},{\"@type\":\"WebSite\",\"@id\":\"https:\\\/\\\/ekoporty.szczecin.pl\\\/#website\",\"url\":\"https:\\\/\\\/ekoporty.szczecin.pl\\\/\",\"name\":\"Ekoporty\",\"description\":\"ZUK Szczecin - Punkty Selektywnej Zbi\u00f3rki Odpad\u00f3w Komunalnych - Zapraszamy\",\"publisher\":{\"@id\":\"https:\\\/\\\/ekoporty.szczecin.pl\\\/#organization\"},\"potentialAction\":[{\"@type\":\"SearchAction\",\"target\":{\"@type\":\"EntryPoint\",\"urlTemplate\":\"https:\\\/\\\/ekoporty.szczecin.pl\\\/?s={search_term_string}\"},\"query-input\":{\"@type\":\"PropertyValueSpecification\",\"valueRequired\":true,\"valueName\":\"search_term_string\"}}],\"inLanguage\":\"pl-PL\"},{\"@type\":\"Organization\",\"@id\":\"https:\\\/\\\/ekoporty.szczecin.pl\\\/#organization\",\"name\":\"Zak\u0142ad Us\u0142ug Komunalnych Szczecin\",\"url\":\"https:\\\/\\\/ekoporty.szczecin.pl\\\/\",\"logo\":{\"@type\":\"ImageObject\",\"inLanguage\":\"pl-PL\",\"@id\":\"https:\\\/\\\/ekoporty.szczecin.pl\\\/#\\\/schema\\\/logo\\\/image\\\/\",\"url\":\"http:\\\/\\\/ekoporty.szczecin.pl\\\/wp-content\\\/uploads\\\/2018\\\/03\\\/logo5.jpg\",\"contentUrl\":\"http:\\\/\\\/ekoporty.szczecin.pl\\\/wp-content\\\/uploads\\\/2018\\\/03\\\/logo5.jpg\",\"width\":260,\"height\":66,\"caption\":\"Zak\u0142ad Us\u0142ug Komunalnych Szczecin\"},\"image\":{\"@id\":\"https:\\\/\\\/ekoporty.szczecin.pl\\\/#\\\/schema\\\/logo\\\/image\\\/\"}}]}<\/script>\n<!-- \/ Yoast SEO plugin. -->","yoast_head_json":{"title":"Najcz\u0119\u015bciej zadawane pytania &#171; EKOPORTY SZCZECIN","robots":{"index":"index","follow":"follow","max-snippet":"max-snippet:-1","max-image-preview":"max-image-preview:large","max-video-preview":"max-video-preview:-1"},"canonical":"https:\/\/ekoporty.szczecin.pl\/?page_id=38","og_locale":"pl_PL","og_type":"article","og_title":"Najcz\u0119\u015bciej zadawane pytania &#171; EKOPORTY SZCZECIN","og_description":"[ebs_toggles] [ebs_toggle title=&#8221;PSZOK -Ekoport \u2013co to jest?&#8221; icon=&#8221;fa-comment&#8221; icontype=&#8221;fa&#8221; iconcolor=&#8221;#94c259&#8243;] Punkt Selektywnego Zbierania Odpad\u00f3w Komunalnych (PSZOK), czyli jest to punk zbierania ju\u017c wyselekcjonowanych odpad\u00f3w komunalnych, kt\u00f3re we w\u0142asnym zakresie mieszka\u0144cy dostarczaj\u0105 do Ekoportu. Do zbierania przywiezionych odpad\u00f3w przeznaczone s\u0105 specjalistyczne pojemniki lub magazyny znajduj\u0105ce si\u0119 na punkcie. Ekoporty z za\u0142o\u017cenia s\u0105 punktami samoobs\u0142ugowymi, ale ze &hellip; Czytaj dalej Najcz\u0119\u015bciej zadawane pytania","og_url":"https:\/\/ekoporty.szczecin.pl\/?page_id=38","og_site_name":"EKOPORTY SZCZECIN","article_modified_time":"2017-07-28T11:50:53+00:00","twitter_card":"summary_large_image","twitter_misc":{"Szacowany czas czytania":"4 minuty"},"schema":{"@context":"https:\/\/schema.org","@graph":[{"@type":"WebPage","@id":"https:\/\/ekoporty.szczecin.pl\/?page_id=38","url":"https:\/\/ekoporty.szczecin.pl\/?page_id=38","name":"Najcz\u0119\u015bciej zadawane pytania &#171; EKOPORTY SZCZECIN","isPartOf":{"@id":"https:\/\/ekoporty.szczecin.pl\/#website"},"datePublished":"2017-07-19T08:18:41+00:00","dateModified":"2017-07-28T11:50:53+00:00","breadcrumb":{"@id":"https:\/\/ekoporty.szczecin.pl\/?page_id=38#breadcrumb"},"inLanguage":"pl-PL","potentialAction":[{"@type":"ReadAction","target":["https:\/\/ekoporty.szczecin.pl\/?page_id=38"]}]},{"@type":"BreadcrumbList","@id":"https:\/\/ekoporty.szczecin.pl\/?page_id=38#breadcrumb","itemListElement":[{"@type":"ListItem","position":1,"name":"Strona g\u0142\u00f3wna","item":"https:\/\/ekoporty.szczecin.pl\/"},{"@type":"ListItem","position":2,"name":"Najcz\u0119\u015bciej zadawane pytania"}]},{"@type":"WebSite","@id":"https:\/\/ekoporty.szczecin.pl\/#website","url":"https:\/\/ekoporty.szczecin.pl\/","name":"Ekoporty","description":"ZUK Szczecin - Punkty Selektywnej Zbi\u00f3rki Odpad\u00f3w Komunalnych - Zapraszamy","publisher":{"@id":"https:\/\/ekoporty.szczecin.pl\/#organization"},"potentialAction":[{"@type":"SearchAction","target":{"@type":"EntryPoint","urlTemplate":"https:\/\/ekoporty.szczecin.pl\/?s={search_term_string}"},"query-input":{"@type":"PropertyValueSpecification","valueRequired":true,"valueName":"search_term_string"}}],"inLanguage":"pl-PL"},{"@type":"Organization","@id":"https:\/\/ekoporty.szczecin.pl\/#organization","name":"Zak\u0142ad Us\u0142ug Komunalnych Szczecin","url":"https:\/\/ekoporty.szczecin.pl\/","logo":{"@type":"ImageObject","inLanguage":"pl-PL","@id":"https:\/\/ekoporty.szczecin.pl\/#\/schema\/logo\/image\/","url":"http:\/\/ekoporty.szczecin.pl\/wp-content\/uploads\/2018\/03\/logo5.jpg","contentUrl":"http:\/\/ekoporty.szczecin.pl\/wp-content\/uploads\/2018\/03\/logo5.jpg","width":260,"height":66,"caption":"Zak\u0142ad Us\u0142ug Komunalnych Szczecin"},"image":{"@id":"https:\/\/ekoporty.szczecin.pl\/#\/schema\/logo\/image\/"}}]}},"jetpack_sharing_enabled":true,"jetpack_shortlink":"https:\/\/wp.me\/P8ZWwp-C","_links":{"self":[{"href":"https:\/\/ekoporty.szczecin.pl\/index.php?rest_route=\/wp\/v2\/pages\/38","targetHints":{"allow":["GET"]}}],"collection":[{"href":"https:\/\/ekoporty.szczecin.pl\/index.php?rest_route=\/wp\/v2\/pages"}],"about":[{"href":"https:\/\/ekoporty.szczecin.pl\/index.php?rest_route=\/wp\/v2\/types\/page"}],"author":[{"embeddable":true,"href":"https:\/\/ekoporty.szczecin.pl\/index.php?rest_route=\/wp\/v2\/users\/1"}],"replies":[{"embeddable":true,"href":"https:\/\/ekoporty.szczecin.pl\/index.php?rest_route=%2Fwp%2Fv2%2Fcomments&post=38"}],"version-history":[{"count":13,"href":"https:\/\/ekoporty.szczecin.pl\/index.php?rest_route=\/wp\/v2\/pages\/38\/revisions"}],"predecessor-version":[{"id":4871,"href":"https:\/\/ekoporty.szczecin.pl\/index.php?rest_route=\/wp\/v2\/pages\/38\/revisions\/4871"}],"wp:attachment":[{"href":"https:\/\/ekoporty.szczecin.pl\/index.php?rest_route=%2Fwp%2Fv2%2Fmedia&parent=38"}],"curies":[{"name":"wp","href":"https:\/\/api.w.org\/{rel}","templated":true}]}}